{"id":4925,"date":"2025-09-29T12:05:39","date_gmt":"2025-09-29T16:05:39","guid":{"rendered":"https:\/\/blog.grupotusmaquinas.com\/?page_id=4925"},"modified":"2025-10-30T15:16:07","modified_gmt":"2025-10-30T19:16:07","slug":"tractor-forestizado-versatilidad-adaptada-al-bosque","status":"publish","type":"page","link":"https:\/\/blog.grupotusmaquinas.com\/tractor-forestizado-versatilidad-adaptada-al-bosque\/","title":{"rendered":"Tractor Forestizado: Versatilidad Adaptada al Bosque"},"content":{"rendered":"\t\t<div data-elementor-type=\"wp-page\" data-elementor-id=\"4925\" class=\"elementor elementor-4925\" data-elementor-post-type=\"page\">\n\t\t\t\t\t\t<section class=\"elementor-section elementor-top-section elementor-element elementor-element-d5d74be elementor-section-boxed elementor-section-height-default elementor-section-height-default\" data-id=\"d5d74be\" data-element_type=\"section\" data-e-type=\"section\">\n\t\t\t\t\t\t<div class=\"elementor-container elementor-column-gap-default\">\n\t\t\t\t\t<div class=\"elementor-column elementor-col-100 elementor-top-column elementor-element elementor-element-75dc9caa\" data-id=\"75dc9caa\" data-element_type=\"column\" data-e-type=\"column\">\n\t\t\t<div class=\"elementor-widget-wrap elementor-element-populated\">\n\t\t\t\t\t\t<div class=\"elementor-element elementor-element-1d548807 elementor-widget elementor-widget-heading\" data-id=\"1d548807\" data-element_type=\"widget\" data-e-type=\"widget\" data-widget_type=\"heading.default\">\n\t\t\t\t<div class=\"elementor-widget-container\">\n\t\t\t\t\t<h2 class=\"elementor-heading-title elementor-size-default\">Preguntas frecuentes sobre Tractor Forestizado<\/h2>\t\t\t\t<\/div>\n\t\t\t\t<\/div>\n\t\t\t\t<div class=\"elementor-element elementor-element-3002a15b elementor-widget elementor-widget-text-editor\" data-id=\"3002a15b\" data-element_type=\"widget\" data-e-type=\"widget\" data-widget_type=\"text-editor.default\">\n\t\t\t\t<div class=\"elementor-widget-container\">\n\t\t\t\t\t\t\t\t\t<p>Todo lo que quieres saber sobre Tractor Forestizado y no sab\u00edas donde buscar, basado en las preguntas que nos hacen los clientes y usuarios del portal.<\/p><p>Responde: <a href=\"https:\/\/www.linkedin.com\/in\/frank-sch%C3%BCrch-17224a1\/\">Frank Sch\u00fcrch<\/a>, Gerente General, socio Fundador y experto en maquinarias de grupotusmaquinas.com<\/p>\t\t\t\t\t\t\t\t<\/div>\n\t\t\t\t<\/div>\n\t\t\t\t\t<\/div>\n\t\t<\/div>\n\t\t\t\t\t<\/div>\n\t\t<\/section>\n\t\t\t\t<section class=\"elementor-section elementor-top-section elementor-element elementor-element-1cc9bc9b elementor-section-boxed elementor-section-height-default elementor-section-height-default\" data-id=\"1cc9bc9b\" data-element_type=\"section\" data-e-type=\"section\">\n\t\t\t\t\t\t<div class=\"elementor-container elementor-column-gap-default\">\n\t\t\t\t\t<div class=\"elementor-column elementor-col-100 elementor-top-column elementor-element elementor-element-369dec3b\" data-id=\"369dec3b\" data-element_type=\"column\" data-e-type=\"column\">\n\t\t\t<div class=\"elementor-widget-wrap elementor-element-populated\">\n\t\t\t\t\t\t<div class=\"elementor-element elementor-element-4223c0f4 elementor-widget elementor-widget-accordion\" data-id=\"4223c0f4\" data-element_type=\"widget\" data-e-type=\"widget\" data-widget_type=\"accordion.default\">\n\t\t\t\t<div class=\"elementor-widget-container\">\n\t\t\t\t\t\t\t<div class=\"elementor-accordion\">\n\t\t\t\t\t\t\t<div class=\"elementor-accordion-item\">\n\t\t\t\t\t<div id=\"elementor-tab-title-1101\" class=\"elementor-tab-title\" data-tab=\"1\" role=\"button\" aria-controls=\"elementor-tab-content-1101\" aria-expanded=\"false\">\n\t\t\t\t\t\t\t\t\t\t\t\t\t<span class=\"elementor-accordion-icon elementor-accordion-icon-left\" aria-hidden=\"true\">\n\t\t\t\t\t\t\t\t\t\t\t\t\t\t\t<span class=\"elementor-accordion-icon-closed\"><i class=\"fas fa-plus\"><\/i><\/span>\n\t\t\t\t\t\t\t\t<span class=\"elementor-accordion-icon-opened\"><i class=\"fas fa-minus\"><\/i><\/span>\n\t\t\t\t\t\t\t\t\t\t\t\t\t\t<\/span>\n\t\t\t\t\t\t\t\t\t\t\t\t<a class=\"elementor-accordion-title\" tabindex=\"0\">\u00bfQu\u00e9 es un Tractor Forestizado y en qu\u00e9 se diferencia de un tractor agr\u00edcola est\u00e1ndar?<\/a>\n\t\t\t\t\t<\/div>\n\t\t\t\t\t<div id=\"elementor-tab-content-1101\" class=\"elementor-tab-content elementor-clearfix\" data-tab=\"1\" role=\"region\" aria-labelledby=\"elementor-tab-title-1101\"><p><span style=\"font-weight: 400;\">Un Tractor Forestizado es un tractor agr\u00edcola (o industrial) modificado y reforzado espec\u00edficamente para operar en el entorno forestal. Se diferencia de un tractor agr\u00edcola est\u00e1ndar en:<\/span><\/p><ul><li style=\"list-style-type: none;\"><ul><li style=\"font-weight: 400;\" aria-level=\"2\"><b>Protecciones reforzadas:<\/b><span style=\"font-weight: 400;\"> Jaula antivuelco ROPS\/FOPS, protecciones en el chasis, motor, transmisi\u00f3n, bajos y cabina contra impactos de ramas, troncos y rocas.<\/span><\/li><li style=\"font-weight: 400;\" aria-level=\"2\"><b>Neum\u00e1ticos forestales:<\/b><span style=\"font-weight: 400;\"> Robustos, con capa de kevlar o cinturones de acero para resistir pinchazos y un dibujo de banda agresivo para tracci\u00f3n.<\/span><\/li><li style=\"font-weight: 400;\" aria-level=\"2\"><b>Frenos y ejes reforzados:<\/b><span style=\"font-weight: 400;\"> Para trabajo pesado en terrenos irregulares.<\/span><\/li><li style=\"font-weight: 400;\" aria-level=\"2\"><b>Planchas de protecci\u00f3n inferior:<\/b><span style=\"font-weight: 400;\"> Para proteger componentes vitales de impactos.<\/span><\/li><li style=\"font-weight: 400;\" aria-level=\"2\"><b>A menudo, sistema de huinche integrado (winche forestal):<\/b><span style=\"font-weight: 400;\"> Para arrastrar troncos.<\/span><\/li><li style=\"font-weight: 400;\" aria-level=\"2\"><b>A veces, peque\u00f1a gr\u00faa de carga:<\/b><span style=\"font-weight: 400;\"> Para manipular madera.<\/span><\/li><\/ul><\/li><\/ul><\/div>\n\t\t\t\t<\/div>\n\t\t\t\t\t\t\t<div class=\"elementor-accordion-item\">\n\t\t\t\t\t<div id=\"elementor-tab-title-1102\" class=\"elementor-tab-title\" data-tab=\"2\" role=\"button\" aria-controls=\"elementor-tab-content-1102\" aria-expanded=\"false\">\n\t\t\t\t\t\t\t\t\t\t\t\t\t<span class=\"elementor-accordion-icon elementor-accordion-icon-left\" aria-hidden=\"true\">\n\t\t\t\t\t\t\t\t\t\t\t\t\t\t\t<span class=\"elementor-accordion-icon-closed\"><i class=\"fas fa-plus\"><\/i><\/span>\n\t\t\t\t\t\t\t\t<span class=\"elementor-accordion-icon-opened\"><i class=\"fas fa-minus\"><\/i><\/span>\n\t\t\t\t\t\t\t\t\t\t\t\t\t\t<\/span>\n\t\t\t\t\t\t\t\t\t\t\t\t<a class=\"elementor-accordion-title\" tabindex=\"0\">\u00bfQu\u00e9 tipo de trabajos forestales puede realizar un Tractor Forestizado?<\/a>\n\t\t\t\t\t<\/div>\n\t\t\t\t\t<div id=\"elementor-tab-content-1102\" class=\"elementor-tab-content elementor-clearfix\" data-tab=\"2\" role=\"region\" aria-labelledby=\"elementor-tab-title-1102\"><p><span style=\"font-weight: 400;\">Un Tractor Forestizado es una m\u00e1quina vers\u00e1til para una variedad de trabajos forestales:<\/span><\/p><ul><li style=\"list-style-type: none;\"><ul><li style=\"font-weight: 400;\" aria-level=\"2\"><b>Arrastre de madera (Skidding):<\/b><span style=\"font-weight: 400;\"> Utilizando un huinche para arrastrar troncos peque\u00f1os a medianos hasta un punto de acopio.<\/span><\/li><li style=\"font-weight: 400;\" aria-level=\"2\"><b>Preparaci\u00f3n de terrenos:<\/b><span style=\"font-weight: 400;\"> Con aditamentos como desbrozadoras o arados forestales.<\/span><\/li><li style=\"font-weight: 400;\" aria-level=\"2\"><b>Mantenimiento de caminos forestales:<\/b><span style=\"font-weight: 400;\"> Con palas o niveladoras.<\/span><\/li><li style=\"font-weight: 400;\" aria-level=\"2\"><b>Plantaci\u00f3n y Reforestaci\u00f3n:<\/b><span style=\"font-weight: 400;\"> Llevando equipos de plantaci\u00f3n.<\/span><\/li><li style=\"font-weight: 400;\" aria-level=\"2\"><b>Transporte de implementos o personal:<\/b><span style=\"font-weight: 400;\"> En el bosque.<\/span><\/li><li style=\"font-weight: 400;\" aria-level=\"2\"><b>Operaciones de aclareo:<\/b><span style=\"font-weight: 400;\"> Donde se necesita una m\u00e1quina m\u00e1s peque\u00f1a y \u00e1gil que un Skidder grande.<\/span><\/li><\/ul><\/li><\/ul><\/div>\n\t\t\t\t<\/div>\n\t\t\t\t\t\t\t<div class=\"elementor-accordion-item\">\n\t\t\t\t\t<div id=\"elementor-tab-title-1103\" class=\"elementor-tab-title\" data-tab=\"3\" role=\"button\" aria-controls=\"elementor-tab-content-1103\" aria-expanded=\"false\">\n\t\t\t\t\t\t\t\t\t\t\t\t\t<span class=\"elementor-accordion-icon elementor-accordion-icon-left\" aria-hidden=\"true\">\n\t\t\t\t\t\t\t\t\t\t\t\t\t\t\t<span class=\"elementor-accordion-icon-closed\"><i class=\"fas fa-plus\"><\/i><\/span>\n\t\t\t\t\t\t\t\t<span class=\"elementor-accordion-icon-opened\"><i class=\"fas fa-minus\"><\/i><\/span>\n\t\t\t\t\t\t\t\t\t\t\t\t\t\t<\/span>\n\t\t\t\t\t\t\t\t\t\t\t\t<a class=\"elementor-accordion-title\" tabindex=\"0\">\u00bfQu\u00e9 ventajas ofrece el uso de un Tractor Forestizado en comparaci\u00f3n con maquinaria forestal m\u00e1s especializada?<\/a>\n\t\t\t\t\t<\/div>\n\t\t\t\t\t<div id=\"elementor-tab-content-1103\" class=\"elementor-tab-content elementor-clearfix\" data-tab=\"3\" role=\"region\" aria-labelledby=\"elementor-tab-title-1103\"><p><span style=\"font-weight: 400;\">El Tractor Forestizado ofrece varias ventajas:<\/span><\/p><ul><li style=\"list-style-type: none;\"><ul><li style=\"font-weight: 400;\" aria-level=\"2\"><b>Versatilidad:<\/b><span style=\"font-weight: 400;\"> Puede realizar una gama m\u00e1s amplia de tareas (forestales y agr\u00edcolas\/generales) que una m\u00e1quina especializada.<\/span><\/li><li style=\"font-weight: 400;\" aria-level=\"2\"><b>Menor Inversi\u00f3n Inicial:<\/b><span style=\"font-weight: 400;\"> Generalmente es m\u00e1s econ\u00f3mico que comprar un Skidder o Forwarder dedicado.<\/span><\/li><li style=\"font-weight: 400;\" aria-level=\"2\"><b>Menor Costo Operativo:<\/b><span style=\"font-weight: 400;\"> Los costos de mantenimiento y combustible pueden ser menores.<\/span><\/li><li style=\"font-weight: 400;\" aria-level=\"2\"><b>Familiaridad para el Operador:<\/b><span style=\"font-weight: 400;\"> Muchos operadores ya est\u00e1n familiarizados con tractores.<\/span><\/li><li style=\"font-weight: 400;\" aria-level=\"2\"><span style=\"font-weight: 400;\">Acceso: Su tama\u00f1o puede permitirle acceder a \u00e1reas m\u00e1s peque\u00f1as que los equipos grandes.<\/span><span style=\"font-weight: 400;\"><br \/><\/span><span style=\"font-weight: 400;\">Es una opci\u00f3n ideal para peque\u00f1os y medianos propietarios forestales, o para empresas que necesitan una m\u00e1quina multiprop\u00f3sito para trabajos variados.<\/span><\/li><\/ul><\/li><\/ul><\/div>\n\t\t\t\t<\/div>\n\t\t\t\t\t\t\t\t<\/div>\n\t\t\t\t\t\t<\/div>\n\t\t\t\t<\/div>\n\t\t\t\t\t<\/div>\n\t\t<\/div>\n\t\t\t\t\t<\/div>\n\t\t<\/section>\n\t\t\t\t<\/div>\n\t\t","protected":false},"excerpt":{"rendered":"<p>Preguntas frecuentes sobre Tractor Forestizado Todo lo que quieres saber sobre Tractor Forestizado y no sab\u00edas donde buscar, basado en las preguntas que nos hacen los clientes y usuarios del portal. Responde: Frank Sch\u00fcrch, Gerente General, socio Fundador y experto en maquinarias de grupotusmaquinas.com \u00bfQu\u00e9 es un Tractor Forestizado y en qu\u00e9 se diferencia de [&hellip;]<\/p>\n","protected":false},"author":7,"featured_media":0,"parent":0,"menu_order":0,"comment_status":"closed","ping_status":"closed","template":"","meta":{"_acf_changed":false,"footnotes":""},"class_list":["post-4925","page","type-page","status-publish","hentry"],"acf":[],"yoast_head":"<!-- This site is optimized with the Yoast SEO plugin v27.9 - https:\/\/yoast.com\/product\/yoast-seo-wordpress\/ -->\n<title>Tractor Forestizado: Versatilidad Adaptada al Bosque | GrupoTusMaquinas<\/title>\n<meta name=\"description\" content=\"Todo lo que quieres saber sobre Tractor Forestizado y no sab\u00edas donde buscar, basado en las preguntas que nos hacen los clientes.\" \/>\n<meta name=\"robots\" content=\"index, follow, max-snippet:-1, max-image-preview:large, max-video-preview:-1\" \/>\n<link rel=\"canonical\" href=\"https:\/\/blog.grupotusmaquinas.com\/tractor-forestizado-versatilidad-adaptada-al-bosque\/\" \/>\n<meta property=\"og:locale\" content=\"es_ES\" \/>\n<meta property=\"og:type\" content=\"article\" \/>\n<meta property=\"og:title\" content=\"Tractor Forestizado: Versatilidad Adaptada al Bosque | GrupoTusMaquinas\" \/>\n<meta property=\"og:description\" content=\"Todo lo que quieres saber sobre Tractor Forestizado y no sab\u00edas donde buscar, basado en las preguntas que nos hacen los clientes.\" \/>\n<meta property=\"og:url\" content=\"https:\/\/blog.grupotusmaquinas.com\/tractor-forestizado-versatilidad-adaptada-al-bosque\/\" \/>\n<meta property=\"og:site_name\" content=\"GrupoTusMaquinas\" \/>\n<meta property=\"article:modified_time\" content=\"2025-10-30T19:16:07+00:00\" \/>\n<meta name=\"twitter:card\" content=\"summary_large_image\" \/>\n<meta name=\"twitter:label1\" content=\"Tiempo estimado de lectura\" \/>\n\t<meta name=\"twitter:data1\" content=\"2 minutos\" \/>\n<script type=\"application\/ld+json\" class=\"yoast-schema-graph\">{\"@context\":\"https:\\\/\\\/schema.org\",\"@graph\":[{\"@type\":\"TechArticle\",\"@id\":\"https:\\\/\\\/blog.grupotusmaquinas.com\\\/tractor-forestizado-versatilidad-adaptada-al-bosque\\\/#article\",\"isPartOf\":{\"@id\":\"https:\\\/\\\/blog.grupotusmaquinas.com\\\/tractor-forestizado-versatilidad-adaptada-al-bosque\\\/\"},\"author\":{\"name\":\"Javiera Carrasco\",\"@id\":\"https:\\\/\\\/blog.grupotusmaquinas.com\\\/#\\\/schema\\\/person\\\/36154d00ff10e1e820cc6e3764d8a345\"},\"headline\":\"Tractor Forestizado: Versatilidad Adaptada al Bosque\",\"datePublished\":\"2025-09-29T16:05:39+00:00\",\"dateModified\":\"2025-10-30T19:16:07+00:00\",\"mainEntityOfPage\":{\"@id\":\"https:\\\/\\\/blog.grupotusmaquinas.com\\\/tractor-forestizado-versatilidad-adaptada-al-bosque\\\/\"},\"wordCount\":418,\"publisher\":{\"@id\":\"https:\\\/\\\/blog.grupotusmaquinas.com\\\/#organization\"},\"inLanguage\":\"es-CL\"},{\"@type\":[\"WebPage\",\"FAQPage\"],\"@id\":\"https:\\\/\\\/blog.grupotusmaquinas.com\\\/tractor-forestizado-versatilidad-adaptada-al-bosque\\\/\",\"url\":\"https:\\\/\\\/blog.grupotusmaquinas.com\\\/tractor-forestizado-versatilidad-adaptada-al-bosque\\\/\",\"name\":\"Tractor Forestizado: Versatilidad Adaptada al Bosque | GrupoTusMaquinas\",\"isPartOf\":{\"@id\":\"https:\\\/\\\/blog.grupotusmaquinas.com\\\/#website\"},\"datePublished\":\"2025-09-29T16:05:39+00:00\",\"dateModified\":\"2025-10-30T19:16:07+00:00\",\"description\":\"Todo lo que quieres saber sobre Tractor Forestizado y no sab\u00edas donde buscar, basado en las preguntas que nos hacen los clientes.\",\"breadcrumb\":{\"@id\":\"https:\\\/\\\/blog.grupotusmaquinas.com\\\/tractor-forestizado-versatilidad-adaptada-al-bosque\\\/#breadcrumb\"},\"inLanguage\":\"es-CL\",\"potentialAction\":[{\"@type\":\"ReadAction\",\"target\":[\"https:\\\/\\\/blog.grupotusmaquinas.com\\\/tractor-forestizado-versatilidad-adaptada-al-bosque\\\/\"]}]},{\"@type\":\"BreadcrumbList\",\"@id\":\"https:\\\/\\\/blog.grupotusmaquinas.com\\\/tractor-forestizado-versatilidad-adaptada-al-bosque\\\/#breadcrumb\",\"itemListElement\":[{\"@type\":\"ListItem\",\"position\":1,\"name\":\"Home\",\"item\":\"https:\\\/\\\/blog.grupotusmaquinas.com\\\/\"},{\"@type\":\"ListItem\",\"position\":2,\"name\":\"Tractor Forestizado: Versatilidad Adaptada al Bosque\"}]},{\"@type\":\"WebSite\",\"@id\":\"https:\\\/\\\/blog.grupotusmaquinas.com\\\/#website\",\"url\":\"https:\\\/\\\/blog.grupotusmaquinas.com\\\/\",\"name\":\"GrupoTusMaquinas\",\"description\":\"Blog de GrupoTusMaquinas\",\"publisher\":{\"@id\":\"https:\\\/\\\/blog.grupotusmaquinas.com\\\/#organization\"},\"potentialAction\":[{\"@type\":\"SearchAction\",\"target\":{\"@type\":\"EntryPoint\",\"urlTemplate\":\"https:\\\/\\\/blog.grupotusmaquinas.com\\\/?s={search_term_string}\"},\"query-input\":{\"@type\":\"PropertyValueSpecification\",\"valueRequired\":true,\"valueName\":\"search_term_string\"}}],\"inLanguage\":\"es-CL\"},{\"@type\":\"Organization\",\"@id\":\"https:\\\/\\\/blog.grupotusmaquinas.com\\\/#organization\",\"name\":\"Blog GrupoTusMaquinas\",\"url\":\"https:\\\/\\\/blog.grupotusmaquinas.com\\\/\",\"logo\":{\"@type\":\"ImageObject\",\"inLanguage\":\"es-CL\",\"@id\":\"https:\\\/\\\/blog.grupotusmaquinas.com\\\/#\\\/schema\\\/logo\\\/image\\\/\",\"url\":\"http:\\\/\\\/34.176.199.145\\\/wp-content\\\/uploads\\\/2022\\\/07\\\/Recurso-2.png\",\"contentUrl\":\"http:\\\/\\\/34.176.199.145\\\/wp-content\\\/uploads\\\/2022\\\/07\\\/Recurso-2.png\",\"width\":606,\"height\":129,\"caption\":\"Blog GrupoTusMaquinas\"},\"image\":{\"@id\":\"https:\\\/\\\/blog.grupotusmaquinas.com\\\/#\\\/schema\\\/logo\\\/image\\\/\"}},{\"@type\":\"Person\",\"@id\":\"https:\\\/\\\/blog.grupotusmaquinas.com\\\/#\\\/schema\\\/person\\\/36154d00ff10e1e820cc6e3764d8a345\",\"name\":\"Javiera Carrasco\",\"image\":{\"@type\":\"ImageObject\",\"inLanguage\":\"es-CL\",\"@id\":\"https:\\\/\\\/secure.gravatar.com\\\/avatar\\\/d1e6592d073215e6f46e17b273f873f227b3160d2b12d5c28e9ee1144dcbdac4?s=96&d=mm&r=g\",\"url\":\"https:\\\/\\\/secure.gravatar.com\\\/avatar\\\/d1e6592d073215e6f46e17b273f873f227b3160d2b12d5c28e9ee1144dcbdac4?s=96&d=mm&r=g\",\"contentUrl\":\"https:\\\/\\\/secure.gravatar.com\\\/avatar\\\/d1e6592d073215e6f46e17b273f873f227b3160d2b12d5c28e9ee1144dcbdac4?s=96&d=mm&r=g\",\"caption\":\"Javiera Carrasco\"},\"url\":\"https:\\\/\\\/blog.grupotusmaquinas.com\\\/author\\\/javiera\\\/\"}]}<\/script>\n<!-- \/ Yoast SEO plugin. -->","yoast_head_json":{"title":"Tractor Forestizado: Versatilidad Adaptada al Bosque | GrupoTusMaquinas","description":"Todo lo que quieres saber sobre Tractor Forestizado y no sab\u00edas donde buscar, basado en las preguntas que nos hacen los clientes.","robots":{"index":"index","follow":"follow","max-snippet":"max-snippet:-1","max-image-preview":"max-image-preview:large","max-video-preview":"max-video-preview:-1"},"canonical":"https:\/\/blog.grupotusmaquinas.com\/tractor-forestizado-versatilidad-adaptada-al-bosque\/","og_locale":"es_ES","og_type":"article","og_title":"Tractor Forestizado: Versatilidad Adaptada al Bosque | GrupoTusMaquinas","og_description":"Todo lo que quieres saber sobre Tractor Forestizado y no sab\u00edas donde buscar, basado en las preguntas que nos hacen los clientes.","og_url":"https:\/\/blog.grupotusmaquinas.com\/tractor-forestizado-versatilidad-adaptada-al-bosque\/","og_site_name":"GrupoTusMaquinas","article_modified_time":"2025-10-30T19:16:07+00:00","twitter_card":"summary_large_image","twitter_misc":{"Tiempo estimado de lectura":"2 minutos"},"schema":{"@context":"https:\/\/schema.org","@graph":[{"@type":"TechArticle","@id":"https:\/\/blog.grupotusmaquinas.com\/tractor-forestizado-versatilidad-adaptada-al-bosque\/#article","isPartOf":{"@id":"https:\/\/blog.grupotusmaquinas.com\/tractor-forestizado-versatilidad-adaptada-al-bosque\/"},"author":{"name":"Javiera Carrasco","@id":"https:\/\/blog.grupotusmaquinas.com\/#\/schema\/person\/36154d00ff10e1e820cc6e3764d8a345"},"headline":"Tractor Forestizado: Versatilidad Adaptada al Bosque","datePublished":"2025-09-29T16:05:39+00:00","dateModified":"2025-10-30T19:16:07+00:00","mainEntityOfPage":{"@id":"https:\/\/blog.grupotusmaquinas.com\/tractor-forestizado-versatilidad-adaptada-al-bosque\/"},"wordCount":418,"publisher":{"@id":"https:\/\/blog.grupotusmaquinas.com\/#organization"},"inLanguage":"es-CL"},{"@type":["WebPage","FAQPage"],"@id":"https:\/\/blog.grupotusmaquinas.com\/tractor-forestizado-versatilidad-adaptada-al-bosque\/","url":"https:\/\/blog.grupotusmaquinas.com\/tractor-forestizado-versatilidad-adaptada-al-bosque\/","name":"Tractor Forestizado: Versatilidad Adaptada al Bosque | GrupoTusMaquinas","isPartOf":{"@id":"https:\/\/blog.grupotusmaquinas.com\/#website"},"datePublished":"2025-09-29T16:05:39+00:00","dateModified":"2025-10-30T19:16:07+00:00","description":"Todo lo que quieres saber sobre Tractor Forestizado y no sab\u00edas donde buscar, basado en las preguntas que nos hacen los clientes.","breadcrumb":{"@id":"https:\/\/blog.grupotusmaquinas.com\/tractor-forestizado-versatilidad-adaptada-al-bosque\/#breadcrumb"},"inLanguage":"es-CL","potentialAction":[{"@type":"ReadAction","target":["https:\/\/blog.grupotusmaquinas.com\/tractor-forestizado-versatilidad-adaptada-al-bosque\/"]}]},{"@type":"BreadcrumbList","@id":"https:\/\/blog.grupotusmaquinas.com\/tractor-forestizado-versatilidad-adaptada-al-bosque\/#breadcrumb","itemListElement":[{"@type":"ListItem","position":1,"name":"Home","item":"https:\/\/blog.grupotusmaquinas.com\/"},{"@type":"ListItem","position":2,"name":"Tractor Forestizado: Versatilidad Adaptada al Bosque"}]},{"@type":"WebSite","@id":"https:\/\/blog.grupotusmaquinas.com\/#website","url":"https:\/\/blog.grupotusmaquinas.com\/","name":"GrupoTusMaquinas","description":"Blog de GrupoTusMaquinas","publisher":{"@id":"https:\/\/blog.grupotusmaquinas.com\/#organization"},"potentialAction":[{"@type":"SearchAction","target":{"@type":"EntryPoint","urlTemplate":"https:\/\/blog.grupotusmaquinas.com\/?s={search_term_string}"},"query-input":{"@type":"PropertyValueSpecification","valueRequired":true,"valueName":"search_term_string"}}],"inLanguage":"es-CL"},{"@type":"Organization","@id":"https:\/\/blog.grupotusmaquinas.com\/#organization","name":"Blog GrupoTusMaquinas","url":"https:\/\/blog.grupotusmaquinas.com\/","logo":{"@type":"ImageObject","inLanguage":"es-CL","@id":"https:\/\/blog.grupotusmaquinas.com\/#\/schema\/logo\/image\/","url":"http:\/\/34.176.199.145\/wp-content\/uploads\/2022\/07\/Recurso-2.png","contentUrl":"http:\/\/34.176.199.145\/wp-content\/uploads\/2022\/07\/Recurso-2.png","width":606,"height":129,"caption":"Blog GrupoTusMaquinas"},"image":{"@id":"https:\/\/blog.grupotusmaquinas.com\/#\/schema\/logo\/image\/"}},{"@type":"Person","@id":"https:\/\/blog.grupotusmaquinas.com\/#\/schema\/person\/36154d00ff10e1e820cc6e3764d8a345","name":"Javiera Carrasco","image":{"@type":"ImageObject","inLanguage":"es-CL","@id":"https:\/\/secure.gravatar.com\/avatar\/d1e6592d073215e6f46e17b273f873f227b3160d2b12d5c28e9ee1144dcbdac4?s=96&d=mm&r=g","url":"https:\/\/secure.gravatar.com\/avatar\/d1e6592d073215e6f46e17b273f873f227b3160d2b12d5c28e9ee1144dcbdac4?s=96&d=mm&r=g","contentUrl":"https:\/\/secure.gravatar.com\/avatar\/d1e6592d073215e6f46e17b273f873f227b3160d2b12d5c28e9ee1144dcbdac4?s=96&d=mm&r=g","caption":"Javiera Carrasco"},"url":"https:\/\/blog.grupotusmaquinas.com\/author\/javiera\/"}]}},"_links":{"self":[{"href":"https:\/\/blog.grupotusmaquinas.com\/wp-json\/wp\/v2\/pages\/4925","targetHints":{"allow":["GET"]}}],"collection":[{"href":"https:\/\/blog.grupotusmaquinas.com\/wp-json\/wp\/v2\/pages"}],"about":[{"href":"https:\/\/blog.grupotusmaquinas.com\/wp-json\/wp\/v2\/types\/page"}],"author":[{"embeddable":true,"href":"https:\/\/blog.grupotusmaquinas.com\/wp-json\/wp\/v2\/users\/7"}],"replies":[{"embeddable":true,"href":"https:\/\/blog.grupotusmaquinas.com\/wp-json\/wp\/v2\/comments?post=4925"}],"version-history":[{"count":7,"href":"https:\/\/blog.grupotusmaquinas.com\/wp-json\/wp\/v2\/pages\/4925\/revisions"}],"predecessor-version":[{"id":4932,"href":"https:\/\/blog.grupotusmaquinas.com\/wp-json\/wp\/v2\/pages\/4925\/revisions\/4932"}],"wp:attachment":[{"href":"https:\/\/blog.grupotusmaquinas.com\/wp-json\/wp\/v2\/media?parent=4925"}],"curies":[{"name":"wp","href":"https:\/\/api.w.org\/{rel}","templated":true}]}}