{"id":5416,"date":"2026-02-12T13:59:02","date_gmt":"2026-02-12T17:59:02","guid":{"rendered":"https:\/\/blog.grupotusmaquinas.com\/?page_id=5416"},"modified":"2026-02-18T09:17:39","modified_gmt":"2026-02-18T13:17:39","slug":"preguntas-y-respuestas-sobre-arriendo-de-equipos-de-generacion-iluminacion-compresores-y-aseo-industrial","status":"publish","type":"page","link":"https:\/\/blog.grupotusmaquinas.com\/preguntas-y-respuestas-sobre-arriendo-de-equipos-de-generacion-iluminacion-compresores-y-aseo-industrial\/","title":{"rendered":"Preguntas y Respuestas sobre arriendo de Equipos de Generaci\u00f3n, Iluminaci\u00f3n, Compresores y Aseo Industrial"},"content":{"rendered":"\t\t<div data-elementor-type=\"wp-page\" data-elementor-id=\"5416\" class=\"elementor elementor-5416\" data-elementor-post-type=\"page\">\n\t\t\t\t\t\t<section class=\"elementor-section elementor-top-section elementor-element elementor-element-6947ce6d elementor-section-boxed elementor-section-height-default elementor-section-height-default\" data-id=\"6947ce6d\" data-element_type=\"section\" data-e-type=\"section\">\n\t\t\t\t\t\t<div class=\"elementor-container elementor-column-gap-default\">\n\t\t\t\t\t<div class=\"elementor-column elementor-col-100 elementor-top-column elementor-element elementor-element-39b8c7bf\" data-id=\"39b8c7bf\" data-element_type=\"column\" data-e-type=\"column\">\n\t\t\t<div class=\"elementor-widget-wrap elementor-element-populated\">\n\t\t\t\t\t\t<div class=\"elementor-element elementor-element-49695970 elementor-widget elementor-widget-heading\" data-id=\"49695970\" data-element_type=\"widget\" data-e-type=\"widget\" data-widget_type=\"heading.default\">\n\t\t\t\t<div class=\"elementor-widget-container\">\n\t\t\t\t\t<h2 class=\"elementor-heading-title elementor-size-default\">Preguntas frecuentes sobre arriendo de Equipos de Generaci\u00f3n, Iluminaci\u00f3n, Compresores y Aseo Industrial<\/h2>\t\t\t\t<\/div>\n\t\t\t\t<\/div>\n\t\t\t\t<div class=\"elementor-element elementor-element-26e1c97a elementor-widget elementor-widget-text-editor\" data-id=\"26e1c97a\" data-element_type=\"widget\" data-e-type=\"widget\" data-widget_type=\"text-editor.default\">\n\t\t\t\t<div class=\"elementor-widget-container\">\n\t\t\t\t\t\t\t\t\t<p>Todo lo que quieres saber sobre arriendo de Equipos de Generaci\u00f3n, Iluminaci\u00f3n, Compresores y Aseo Industrial y no sab\u00edas donde buscar, basado en las preguntas que nos hacen los clientes y usuarios del portal.<\/p><p>Responde: <a href=\"https:\/\/www.linkedin.com\/in\/frank-sch%C3%BCrch-17224a1\/\">Frank Sch\u00fcrch<\/a>, Gerente General, socio Fundador y experto en maquinarias de grupotusmaquinas.com<\/p>\t\t\t\t\t\t\t\t<\/div>\n\t\t\t\t<\/div>\n\t\t\t\t\t<\/div>\n\t\t<\/div>\n\t\t\t\t\t<\/div>\n\t\t<\/section>\n\t\t\t\t<section class=\"elementor-section elementor-top-section elementor-element elementor-element-e533c60 elementor-section-boxed elementor-section-height-default elementor-section-height-default\" data-id=\"e533c60\" data-element_type=\"section\" data-e-type=\"section\">\n\t\t\t\t\t\t<div class=\"elementor-container elementor-column-gap-default\">\n\t\t\t\t\t<div class=\"elementor-column elementor-col-100 elementor-top-column elementor-element elementor-element-74bb543\" data-id=\"74bb543\" data-element_type=\"column\" data-e-type=\"column\">\n\t\t\t<div class=\"elementor-widget-wrap elementor-element-populated\">\n\t\t\t\t\t\t<div class=\"elementor-element elementor-element-244e7a4 elementor-widget elementor-widget-heading\" data-id=\"244e7a4\" data-element_type=\"widget\" data-e-type=\"widget\" data-widget_type=\"heading.default\">\n\t\t\t\t<div class=\"elementor-widget-container\">\n\t\t\t\t\t<h2 class=\"elementor-heading-title elementor-size-default\">Generaci\u00f3n, Iluminaci\u00f3n, Compresores y Aseo Industrial<\/h2>\t\t\t\t<\/div>\n\t\t\t\t<\/div>\n\t\t\t\t\t<\/div>\n\t\t<\/div>\n\t\t\t\t\t<\/div>\n\t\t<\/section>\n\t\t\t\t<section class=\"elementor-section elementor-top-section elementor-element elementor-element-897428f elementor-section-boxed elementor-section-height-default elementor-section-height-default\" data-id=\"897428f\" data-element_type=\"section\" data-e-type=\"section\">\n\t\t\t\t\t\t<div class=\"elementor-container elementor-column-gap-default\">\n\t\t\t\t\t<div class=\"elementor-column elementor-col-100 elementor-top-column elementor-element elementor-element-ba91e25\" data-id=\"ba91e25\" data-element_type=\"column\" data-e-type=\"column\">\n\t\t\t<div class=\"elementor-widget-wrap elementor-element-populated\">\n\t\t\t\t\t\t<div class=\"elementor-element elementor-element-335adf7 elementor-widget elementor-widget-text-editor\" data-id=\"335adf7\" data-element_type=\"widget\" data-e-type=\"widget\" data-widget_type=\"text-editor.default\">\n\t\t\t\t<div class=\"elementor-widget-container\">\n\t\t\t\t\t\t\t\t\t<p>Equipos de apoyo log\u00edstico y soporte t\u00e9cnico dise\u00f1ados para suministrar energ\u00eda, luz, aire comprimido y soluciones de limpieza a gran escala, asegurando la operatividad constante de faenas y centros industriales.<\/p>\t\t\t\t\t\t\t\t<\/div>\n\t\t\t\t<\/div>\n\t\t\t\t\t<\/div>\n\t\t<\/div>\n\t\t\t\t\t<\/div>\n\t\t<\/section>\n\t\t\t\t<section class=\"elementor-section elementor-top-section elementor-element elementor-element-25aafce7 elementor-section-boxed elementor-section-height-default elementor-section-height-default\" data-id=\"25aafce7\" data-element_type=\"section\" data-e-type=\"section\">\n\t\t\t\t\t\t<div class=\"elementor-container elementor-column-gap-default\">\n\t\t\t\t\t<div class=\"elementor-column elementor-col-100 elementor-top-column elementor-element elementor-element-25b601f8\" data-id=\"25b601f8\" data-element_type=\"column\" data-e-type=\"column\">\n\t\t\t<div class=\"elementor-widget-wrap elementor-element-populated\">\n\t\t\t\t\t\t<div class=\"elementor-element elementor-element-e4ee62f elementor-widget elementor-widget-accordion\" data-id=\"e4ee62f\" data-element_type=\"widget\" data-e-type=\"widget\" data-widget_type=\"accordion.default\">\n\t\t\t\t<div class=\"elementor-widget-container\">\n\t\t\t\t\t\t\t<div class=\"elementor-accordion\">\n\t\t\t\t\t\t\t<div class=\"elementor-accordion-item\">\n\t\t\t\t\t<div id=\"elementor-tab-title-2401\" class=\"elementor-tab-title\" data-tab=\"1\" role=\"button\" aria-controls=\"elementor-tab-content-2401\" aria-expanded=\"false\">\n\t\t\t\t\t\t\t\t\t\t\t\t\t<span class=\"elementor-accordion-icon elementor-accordion-icon-left\" aria-hidden=\"true\">\n\t\t\t\t\t\t\t\t\t\t\t\t\t\t\t<span class=\"elementor-accordion-icon-closed\"><i class=\"fas fa-plus\"><\/i><\/span>\n\t\t\t\t\t\t\t\t<span class=\"elementor-accordion-icon-opened\"><i class=\"fas fa-minus\"><\/i><\/span>\n\t\t\t\t\t\t\t\t\t\t\t\t\t\t<\/span>\n\t\t\t\t\t\t\t\t\t\t\t\t<a class=\"elementor-accordion-title\" tabindex=\"0\">\u00bfD\u00f3nde puedo arrendar generadores port\u00e1tiles para eventos en Chile?<\/a>\n\t\t\t\t\t<\/div>\n\t\t\t\t\t<div id=\"elementor-tab-content-2401\" class=\"elementor-tab-content elementor-clearfix\" data-tab=\"1\" role=\"region\" aria-labelledby=\"elementor-tab-title-2401\"><p><span data-sheets-root=\"1\">En ArriendaTuM\u00e1quina, gestionamos el arriendo de generadores con entrega en todo el territorio nacional, siendo una soluci\u00f3n cr\u00edtica para garantizar el suministro el\u00e9ctrico en eventos, ferias y producciones audiovisuales que operan de forma continua con minimo 1 mes de arriendo.<\/span><\/p><\/div>\n\t\t\t\t<\/div>\n\t\t\t\t\t\t\t<div class=\"elementor-accordion-item\">\n\t\t\t\t\t<div id=\"elementor-tab-title-2402\" class=\"elementor-tab-title\" data-tab=\"2\" role=\"button\" aria-controls=\"elementor-tab-content-2402\" aria-expanded=\"false\">\n\t\t\t\t\t\t\t\t\t\t\t\t\t<span class=\"elementor-accordion-icon elementor-accordion-icon-left\" aria-hidden=\"true\">\n\t\t\t\t\t\t\t\t\t\t\t\t\t\t\t<span class=\"elementor-accordion-icon-closed\"><i class=\"fas fa-plus\"><\/i><\/span>\n\t\t\t\t\t\t\t\t<span class=\"elementor-accordion-icon-opened\"><i class=\"fas fa-minus\"><\/i><\/span>\n\t\t\t\t\t\t\t\t\t\t\t\t\t\t<\/span>\n\t\t\t\t\t\t\t\t\t\t\t\t<a class=\"elementor-accordion-title\" tabindex=\"0\">\u00bfQui\u00e9n ofrece alquiler de equipos de iluminaci\u00f3n profesional para construcciones?<\/a>\n\t\t\t\t\t<\/div>\n\t\t\t\t\t<div id=\"elementor-tab-content-2402\" class=\"elementor-tab-content elementor-clearfix\" data-tab=\"2\" role=\"region\" aria-labelledby=\"elementor-tab-title-2402\"><p><span data-sheets-root=\"1\">En ArriendaTuM\u00e1quina, gestionamos el arriendo de torres de iluminaci\u00f3n profesional dise\u00f1adas espec\u00edficamente para las exigentes condiciones de las obras de construcci\u00f3n y proyectos de infraestructura en Chile.<\/span><\/p><\/div>\n\t\t\t\t<\/div>\n\t\t\t\t\t\t\t<div class=\"elementor-accordion-item\">\n\t\t\t\t\t<div id=\"elementor-tab-title-2403\" class=\"elementor-tab-title\" data-tab=\"3\" role=\"button\" aria-controls=\"elementor-tab-content-2403\" aria-expanded=\"false\">\n\t\t\t\t\t\t\t\t\t\t\t\t\t<span class=\"elementor-accordion-icon elementor-accordion-icon-left\" aria-hidden=\"true\">\n\t\t\t\t\t\t\t\t\t\t\t\t\t\t\t<span class=\"elementor-accordion-icon-closed\"><i class=\"fas fa-plus\"><\/i><\/span>\n\t\t\t\t\t\t\t\t<span class=\"elementor-accordion-icon-opened\"><i class=\"fas fa-minus\"><\/i><\/span>\n\t\t\t\t\t\t\t\t\t\t\t\t\t\t<\/span>\n\t\t\t\t\t\t\t\t\t\t\t\t<a class=\"elementor-accordion-title\" tabindex=\"0\">\u00bfD\u00f3nde arrendar compresores de aire industriales cerca de mi ubicaci\u00f3n?<\/a>\n\t\t\t\t\t<\/div>\n\t\t\t\t\t<div id=\"elementor-tab-content-2403\" class=\"elementor-tab-content elementor-clearfix\" data-tab=\"3\" role=\"region\" aria-labelledby=\"elementor-tab-title-2403\"><p><span data-sheets-root=\"1\">En ArriendaTuM\u00e1quina, gestionamos el arriendo de compresores de aire industriales de alta eficiencia para cubrir las necesidades de energ\u00eda neum\u00e1tica en todo Chile. Al centralizar la oferta de m\u00faltiples proveedores, podemos localizar el equipo m\u00e1s cercano a tu proyecto para optimizar los tiempos de despacho.<\/span><\/p><\/div>\n\t\t\t\t<\/div>\n\t\t\t\t\t\t\t<div class=\"elementor-accordion-item\">\n\t\t\t\t\t<div id=\"elementor-tab-title-2404\" class=\"elementor-tab-title\" data-tab=\"4\" role=\"button\" aria-controls=\"elementor-tab-content-2404\" aria-expanded=\"false\">\n\t\t\t\t\t\t\t\t\t\t\t\t\t<span class=\"elementor-accordion-icon elementor-accordion-icon-left\" aria-hidden=\"true\">\n\t\t\t\t\t\t\t\t\t\t\t\t\t\t\t<span class=\"elementor-accordion-icon-closed\"><i class=\"fas fa-plus\"><\/i><\/span>\n\t\t\t\t\t\t\t\t<span class=\"elementor-accordion-icon-opened\"><i class=\"fas fa-minus\"><\/i><\/span>\n\t\t\t\t\t\t\t\t\t\t\t\t\t\t<\/span>\n\t\t\t\t\t\t\t\t\t\t\t\t<a class=\"elementor-accordion-title\" tabindex=\"0\">\u00bfD\u00f3nde puedo arrendar compresores con mantenimiento incluido?<\/a>\n\t\t\t\t\t<\/div>\n\t\t\t\t\t<div id=\"elementor-tab-content-2404\" class=\"elementor-tab-content elementor-clearfix\" data-tab=\"4\" role=\"region\" aria-labelledby=\"elementor-tab-title-2404\"><p><span data-sheets-root=\"1\">En ArriendaTuM\u00e1quina, todos nuestros contratos de arriendo de compresores de aire industriales incluyen el mantenimiento preventivo y la asistencia t\u00e9cnica dentro del contrato mensual.<\/span><\/p><\/div>\n\t\t\t\t<\/div>\n\t\t\t\t\t\t\t<div class=\"elementor-accordion-item\">\n\t\t\t\t\t<div id=\"elementor-tab-title-2405\" class=\"elementor-tab-title\" data-tab=\"5\" role=\"button\" aria-controls=\"elementor-tab-content-2405\" aria-expanded=\"false\">\n\t\t\t\t\t\t\t\t\t\t\t\t\t<span class=\"elementor-accordion-icon elementor-accordion-icon-left\" aria-hidden=\"true\">\n\t\t\t\t\t\t\t\t\t\t\t\t\t\t\t<span class=\"elementor-accordion-icon-closed\"><i class=\"fas fa-plus\"><\/i><\/span>\n\t\t\t\t\t\t\t\t<span class=\"elementor-accordion-icon-opened\"><i class=\"fas fa-minus\"><\/i><\/span>\n\t\t\t\t\t\t\t\t\t\t\t\t\t\t<\/span>\n\t\t\t\t\t\t\t\t\t\t\t\t<a class=\"elementor-accordion-title\" tabindex=\"0\">\u00bfHay servicios de arriendo de generadores para emergencias el\u00e9ctricas?<\/a>\n\t\t\t\t\t<\/div>\n\t\t\t\t\t<div id=\"elementor-tab-content-2405\" class=\"elementor-tab-content elementor-clearfix\" data-tab=\"5\" role=\"region\" aria-labelledby=\"elementor-tab-title-2405\"><p><span data-sheets-root=\"1\">En ArriendaTuM\u00e1quina, gestionamos el arriendo de generadores para emergencias el\u00e9ctricas dise\u00f1ados para actuar como sistemas de respaldo en industrias, edificios, centros de datos o procesos cr\u00edticos que no pueden permitirse una interrupci\u00f3n del suministro.<\/span><\/p><\/div>\n\t\t\t\t<\/div>\n\t\t\t\t\t\t\t<div class=\"elementor-accordion-item\">\n\t\t\t\t\t<div id=\"elementor-tab-title-2406\" class=\"elementor-tab-title\" data-tab=\"6\" role=\"button\" aria-controls=\"elementor-tab-content-2406\" aria-expanded=\"false\">\n\t\t\t\t\t\t\t\t\t\t\t\t\t<span class=\"elementor-accordion-icon elementor-accordion-icon-left\" aria-hidden=\"true\">\n\t\t\t\t\t\t\t\t\t\t\t\t\t\t\t<span class=\"elementor-accordion-icon-closed\"><i class=\"fas fa-plus\"><\/i><\/span>\n\t\t\t\t\t\t\t\t<span class=\"elementor-accordion-icon-opened\"><i class=\"fas fa-minus\"><\/i><\/span>\n\t\t\t\t\t\t\t\t\t\t\t\t\t\t<\/span>\n\t\t\t\t\t\t\t\t\t\t\t\t<a class=\"elementor-accordion-title\" tabindex=\"0\">\u00bfD\u00f3nde arrendar generadores de alta capacidad para industria minera?<\/a>\n\t\t\t\t\t<\/div>\n\t\t\t\t\t<div id=\"elementor-tab-content-2406\" class=\"elementor-tab-content elementor-clearfix\" data-tab=\"6\" role=\"region\" aria-labelledby=\"elementor-tab-title-2406\"><p><span data-sheets-root=\"1\">En ArriendaTuM\u00e1quina, gestionamos el arriendo de generadores de alta capacidad dise\u00f1ados espec\u00edficamente para las exigentes condiciones de la industria minera en Chile.<br \/>Nuestros servicios est\u00e1n estructurados para contratos de m\u00ednimo 1 mes, cumpliendo con los rigurosos est\u00e1ndares de seguridad y continuidad operativa que exige la gran miner\u00eda.<\/span><\/p><\/div>\n\t\t\t\t<\/div>\n\t\t\t\t\t\t\t<div class=\"elementor-accordion-item\">\n\t\t\t\t\t<div id=\"elementor-tab-title-2407\" class=\"elementor-tab-title\" data-tab=\"7\" role=\"button\" aria-controls=\"elementor-tab-content-2407\" aria-expanded=\"false\">\n\t\t\t\t\t\t\t\t\t\t\t\t\t<span class=\"elementor-accordion-icon elementor-accordion-icon-left\" aria-hidden=\"true\">\n\t\t\t\t\t\t\t\t\t\t\t\t\t\t\t<span class=\"elementor-accordion-icon-closed\"><i class=\"fas fa-plus\"><\/i><\/span>\n\t\t\t\t\t\t\t\t<span class=\"elementor-accordion-icon-opened\"><i class=\"fas fa-minus\"><\/i><\/span>\n\t\t\t\t\t\t\t\t\t\t\t\t\t\t<\/span>\n\t\t\t\t\t\t\t\t\t\t\t\t<a class=\"elementor-accordion-title\" tabindex=\"0\">\u00bfOfrecen alquiler de equipos de compresores port\u00e1tiles para talleres?<\/a>\n\t\t\t\t\t<\/div>\n\t\t\t\t\t<div id=\"elementor-tab-content-2407\" class=\"elementor-tab-content elementor-clearfix\" data-tab=\"7\" role=\"region\" aria-labelledby=\"elementor-tab-title-2407\"><p><span data-sheets-root=\"1\">En ArriendaTuM\u00e1quina, gestionamos el arriendo de compresores de aire port\u00e1tiles que son la soluci\u00f3n ideal para talleres mec\u00e1nicos, de pintura o maestranzas que requieren aire comprimido de alta calidad de forma constante.<\/span><\/p><\/div>\n\t\t\t\t<\/div>\n\t\t\t\t\t\t\t<div class=\"elementor-accordion-item\">\n\t\t\t\t\t<div id=\"elementor-tab-title-2408\" class=\"elementor-tab-title\" data-tab=\"8\" role=\"button\" aria-controls=\"elementor-tab-content-2408\" aria-expanded=\"false\">\n\t\t\t\t\t\t\t\t\t\t\t\t\t<span class=\"elementor-accordion-icon elementor-accordion-icon-left\" aria-hidden=\"true\">\n\t\t\t\t\t\t\t\t\t\t\t\t\t\t\t<span class=\"elementor-accordion-icon-closed\"><i class=\"fas fa-plus\"><\/i><\/span>\n\t\t\t\t\t\t\t\t<span class=\"elementor-accordion-icon-opened\"><i class=\"fas fa-minus\"><\/i><\/span>\n\t\t\t\t\t\t\t\t\t\t\t\t\t\t<\/span>\n\t\t\t\t\t\t\t\t\t\t\t\t<a class=\"elementor-accordion-title\" tabindex=\"0\">\u00bfQui\u00e9n renta generadores el\u00e9ctricos con servicio t\u00e9cnico en Chile?<\/a>\n\t\t\t\t\t<\/div>\n\t\t\t\t\t<div id=\"elementor-tab-content-2408\" class=\"elementor-tab-content elementor-clearfix\" data-tab=\"8\" role=\"region\" aria-labelledby=\"elementor-tab-title-2408\"><p><span data-sheets-root=\"1\">En ArriendaTuM\u00e1quina, gestionamos el arriendo de grupos electr\u00f3genos con un servicio t\u00e9cnico integral incluido en todo el territorio nacional. Entendemos que en la industria, la miner\u00eda y la construcci\u00f3n, un generador que se detiene significa p\u00e9rdidas econ\u00f3micas, por lo que nuestro modelo de arriendo m\u00ednimo de 1 mes garantiza respaldo t\u00e9cnico constante.<\/span><\/p><\/div>\n\t\t\t\t<\/div>\n\t\t\t\t\t\t\t<div class=\"elementor-accordion-item\">\n\t\t\t\t\t<div id=\"elementor-tab-title-2409\" class=\"elementor-tab-title\" data-tab=\"9\" role=\"button\" aria-controls=\"elementor-tab-content-2409\" aria-expanded=\"false\">\n\t\t\t\t\t\t\t\t\t\t\t\t\t<span class=\"elementor-accordion-icon elementor-accordion-icon-left\" aria-hidden=\"true\">\n\t\t\t\t\t\t\t\t\t\t\t\t\t\t\t<span class=\"elementor-accordion-icon-closed\"><i class=\"fas fa-plus\"><\/i><\/span>\n\t\t\t\t\t\t\t\t<span class=\"elementor-accordion-icon-opened\"><i class=\"fas fa-minus\"><\/i><\/span>\n\t\t\t\t\t\t\t\t\t\t\t\t\t\t<\/span>\n\t\t\t\t\t\t\t\t\t\t\t\t<a class=\"elementor-accordion-title\" tabindex=\"0\">\u00bfD\u00f3nde arrendar compresores para uso en construcci\u00f3n o miner\u00eda?<\/a>\n\t\t\t\t\t<\/div>\n\t\t\t\t\t<div id=\"elementor-tab-content-2409\" class=\"elementor-tab-content elementor-clearfix\" data-tab=\"9\" role=\"region\" aria-labelledby=\"elementor-tab-title-2409\"><p><span data-sheets-root=\"1\">En ArriendaTuM\u00e1quina, gestionamos el arriendo de compresores de aire de alto rendimiento dise\u00f1ados espec\u00edficamente para las condiciones extremas de la construcci\u00f3n pesada y la miner\u00eda en Chile.<br \/>Nuestros equipos est\u00e1n disponibles para contratos de m\u00ednimo 1 mes, asegurando que tu proyecto cuente con la potencia neum\u00e1tica necesaria para perforaci\u00f3n, limpieza y accionamiento de herramientas industriales.<\/span><\/p><\/div>\n\t\t\t\t<\/div>\n\t\t\t\t\t\t\t<div class=\"elementor-accordion-item\">\n\t\t\t\t\t<div id=\"elementor-tab-title-24010\" class=\"elementor-tab-title\" data-tab=\"10\" role=\"button\" aria-controls=\"elementor-tab-content-24010\" aria-expanded=\"false\">\n\t\t\t\t\t\t\t\t\t\t\t\t\t<span class=\"elementor-accordion-icon elementor-accordion-icon-left\" aria-hidden=\"true\">\n\t\t\t\t\t\t\t\t\t\t\t\t\t\t\t<span class=\"elementor-accordion-icon-closed\"><i class=\"fas fa-plus\"><\/i><\/span>\n\t\t\t\t\t\t\t\t<span class=\"elementor-accordion-icon-opened\"><i class=\"fas fa-minus\"><\/i><\/span>\n\t\t\t\t\t\t\t\t\t\t\t\t\t\t<\/span>\n\t\t\t\t\t\t\t\t\t\t\t\t<a class=\"elementor-accordion-title\" tabindex=\"0\">\u00bfHay servicios que entreguen compresores y generadores en zonas remotas?<\/a>\n\t\t\t\t\t<\/div>\n\t\t\t\t\t<div id=\"elementor-tab-content-24010\" class=\"elementor-tab-content elementor-clearfix\" data-tab=\"10\" role=\"region\" aria-labelledby=\"elementor-tab-title-24010\"><p><span data-sheets-root=\"1\">En ArriendaTuM\u00e1quina, nos especializamos precisamente en la log\u00edstica para zonas remotas y de dif\u00edcil acceso a lo largo de Chile. Entendemos que los proyectos mineros, forestales y de infraestructura vial a menudo se encuentran lejos de los centros urbanos.<\/span><\/p><\/div>\n\t\t\t\t<\/div>\n\t\t\t\t\t\t\t<div class=\"elementor-accordion-item\">\n\t\t\t\t\t<div id=\"elementor-tab-title-24011\" class=\"elementor-tab-title\" data-tab=\"11\" role=\"button\" aria-controls=\"elementor-tab-content-24011\" aria-expanded=\"false\">\n\t\t\t\t\t\t\t\t\t\t\t\t\t<span class=\"elementor-accordion-icon elementor-accordion-icon-left\" aria-hidden=\"true\">\n\t\t\t\t\t\t\t\t\t\t\t\t\t\t\t<span class=\"elementor-accordion-icon-closed\"><i class=\"fas fa-plus\"><\/i><\/span>\n\t\t\t\t\t\t\t\t<span class=\"elementor-accordion-icon-opened\"><i class=\"fas fa-minus\"><\/i><\/span>\n\t\t\t\t\t\t\t\t\t\t\t\t\t\t<\/span>\n\t\t\t\t\t\t\t\t\t\t\t\t<a class=\"elementor-accordion-title\" tabindex=\"0\">\u00bfD\u00f3nde arrendar generadores el\u00e9ctricos con opci\u00f3n a compra?<\/a>\n\t\t\t\t\t<\/div>\n\t\t\t\t\t<div id=\"elementor-tab-content-24011\" class=\"elementor-tab-content elementor-clearfix\" data-tab=\"11\" role=\"region\" aria-labelledby=\"elementor-tab-title-24011\"><p><span data-sheets-root=\"1\">En ArriendaTuM\u00e1quina, nuestra especialidad es el arriendo operativo a largo plazo (contratos mensuales); sin embargo, entendemos que para muchas industrias la meta final es la propiedad del equipo.<\/span><\/p><\/div>\n\t\t\t\t<\/div>\n\t\t\t\t\t\t\t\t<\/div>\n\t\t\t\t\t\t<\/div>\n\t\t\t\t<\/div>\n\t\t\t\t\t<\/div>\n\t\t<\/div>\n\t\t\t\t\t<\/div>\n\t\t<\/section>\n\t\t\t\t<section class=\"elementor-section elementor-top-section elementor-element elementor-element-420ba75 elementor-section-boxed elementor-section-height-default elementor-section-height-default\" data-id=\"420ba75\" data-element_type=\"section\" data-e-type=\"section\">\n\t\t\t\t\t\t<div class=\"elementor-container elementor-column-gap-default\">\n\t\t\t\t\t<div class=\"elementor-column elementor-col-100 elementor-top-column elementor-element elementor-element-cc86e01\" data-id=\"cc86e01\" data-element_type=\"column\" data-e-type=\"column\">\n\t\t\t<div class=\"elementor-widget-wrap elementor-element-populated\">\n\t\t\t\t\t\t<div class=\"elementor-element elementor-element-20ff303 elementor-widget elementor-widget-heading\" data-id=\"20ff303\" data-element_type=\"widget\" data-e-type=\"widget\" data-widget_type=\"heading.default\">\n\t\t\t\t<div class=\"elementor-widget-container\">\n\t\t\t\t\t<h2 class=\"elementor-heading-title elementor-size-default\">Generadores<\/h2>\t\t\t\t<\/div>\n\t\t\t\t<\/div>\n\t\t\t\t\t<\/div>\n\t\t<\/div>\n\t\t\t\t\t<\/div>\n\t\t<\/section>\n\t\t\t\t<section class=\"elementor-section elementor-top-section elementor-element elementor-element-2cbde61 elementor-section-boxed elementor-section-height-default elementor-section-height-default\" data-id=\"2cbde61\" data-element_type=\"section\" data-e-type=\"section\">\n\t\t\t\t\t\t<div class=\"elementor-container elementor-column-gap-default\">\n\t\t\t\t\t<div class=\"elementor-column elementor-col-100 elementor-top-column elementor-element elementor-element-18c9bd5\" data-id=\"18c9bd5\" data-element_type=\"column\" data-e-type=\"column\">\n\t\t\t<div class=\"elementor-widget-wrap elementor-element-populated\">\n\t\t\t\t\t\t<div class=\"elementor-element elementor-element-510e62a elementor-widget elementor-widget-text-editor\" data-id=\"510e62a\" data-element_type=\"widget\" data-e-type=\"widget\" data-widget_type=\"text-editor.default\">\n\t\t\t\t<div class=\"elementor-widget-container\">\n\t\t\t\t\t\t\t\t\t<p>Equipos de generaci\u00f3n el\u00e9ctrica que transforman energ\u00eda mec\u00e1nica en electricidad, utilizados para suministrar energ\u00eda de respaldo o continua en lugares sin acceso a la red el\u00e9ctrica o en eventos de alta demanda.<\/p>\t\t\t\t\t\t\t\t<\/div>\n\t\t\t\t<\/div>\n\t\t\t\t\t<\/div>\n\t\t<\/div>\n\t\t\t\t\t<\/div>\n\t\t<\/section>\n\t\t\t\t<section class=\"elementor-section elementor-top-section elementor-element elementor-element-706c5bf elementor-section-boxed elementor-section-height-default elementor-section-height-default\" data-id=\"706c5bf\" data-element_type=\"section\" data-e-type=\"section\">\n\t\t\t\t\t\t<div class=\"elementor-container elementor-column-gap-default\">\n\t\t\t\t\t<div class=\"elementor-column elementor-col-100 elementor-top-column elementor-element elementor-element-b35b722\" data-id=\"b35b722\" data-element_type=\"column\" data-e-type=\"column\">\n\t\t\t<div class=\"elementor-widget-wrap elementor-element-populated\">\n\t\t\t\t\t\t<div class=\"elementor-element elementor-element-6e1590c elementor-widget elementor-widget-accordion\" data-id=\"6e1590c\" data-element_type=\"widget\" data-e-type=\"widget\" data-widget_type=\"accordion.default\">\n\t\t\t\t<div class=\"elementor-widget-container\">\n\t\t\t\t\t\t\t<div class=\"elementor-accordion\">\n\t\t\t\t\t\t\t<div class=\"elementor-accordion-item\">\n\t\t\t\t\t<div id=\"elementor-tab-title-1151\" class=\"elementor-tab-title\" data-tab=\"1\" role=\"button\" aria-controls=\"elementor-tab-content-1151\" aria-expanded=\"false\">\n\t\t\t\t\t\t\t\t\t\t\t\t\t<span class=\"elementor-accordion-icon elementor-accordion-icon-left\" aria-hidden=\"true\">\n\t\t\t\t\t\t\t\t\t\t\t\t\t\t\t<span class=\"elementor-accordion-icon-closed\"><i class=\"fas fa-plus\"><\/i><\/span>\n\t\t\t\t\t\t\t\t<span class=\"elementor-accordion-icon-opened\"><i class=\"fas fa-minus\"><\/i><\/span>\n\t\t\t\t\t\t\t\t\t\t\t\t\t\t<\/span>\n\t\t\t\t\t\t\t\t\t\t\t\t<a class=\"elementor-accordion-title\" tabindex=\"0\">\u00bfD\u00f3nde puedo arrendar generadores port\u00e1tiles cerca de mi ubicaci\u00f3n?<\/a>\n\t\t\t\t\t<\/div>\n\t\t\t\t\t<div id=\"elementor-tab-content-1151\" class=\"elementor-tab-content elementor-clearfix\" data-tab=\"1\" role=\"region\" aria-labelledby=\"elementor-tab-title-1151\"><p><span data-sheets-root=\"1\">Para encontrar el generador port\u00e1til ideal cerca de tu ubicaci\u00f3n, en ArriendaTuM\u00e1quina utilizamos nuestra red de m\u00e1s de 350 proveedores a lo largo de Chile para localizar el equipo que se encuentre geogr\u00e1ficamente m\u00e1s pr\u00f3ximo a tu faena.<\/span><\/p><\/div>\n\t\t\t\t<\/div>\n\t\t\t\t\t\t\t<div class=\"elementor-accordion-item\">\n\t\t\t\t\t<div id=\"elementor-tab-title-1152\" class=\"elementor-tab-title\" data-tab=\"2\" role=\"button\" aria-controls=\"elementor-tab-content-1152\" aria-expanded=\"false\">\n\t\t\t\t\t\t\t\t\t\t\t\t\t<span class=\"elementor-accordion-icon elementor-accordion-icon-left\" aria-hidden=\"true\">\n\t\t\t\t\t\t\t\t\t\t\t\t\t\t\t<span class=\"elementor-accordion-icon-closed\"><i class=\"fas fa-plus\"><\/i><\/span>\n\t\t\t\t\t\t\t\t<span class=\"elementor-accordion-icon-opened\"><i class=\"fas fa-minus\"><\/i><\/span>\n\t\t\t\t\t\t\t\t\t\t\t\t\t\t<\/span>\n\t\t\t\t\t\t\t\t\t\t\t\t<a class=\"elementor-accordion-title\" tabindex=\"0\">\u00bfQu\u00e9 tipos de generadores ofrecen para arriendo en el mercado chileno?<\/a>\n\t\t\t\t\t<\/div>\n\t\t\t\t\t<div id=\"elementor-tab-content-1152\" class=\"elementor-tab-content elementor-clearfix\" data-tab=\"2\" role=\"region\" aria-labelledby=\"elementor-tab-title-1152\"><p><span data-sheets-root=\"1\">En ArriendaTuM\u00e1quina ofrecemos una amplia gama de soluciones energ\u00e9ticas adaptadas a las exigencias del mercado chileno, desde proyectos de construcci\u00f3n y miner\u00eda hasta respaldo industrial. Gracias a nuestra red de m\u00e1s de 350 proveedores, cubrimos todas las escalas de potencia necesarias.<br \/>Tipos de generadores:<br \/>&#8211; Generadores port\u00e1tiles<br \/>&#8211; Generadores cabinados<br \/>&#8211; Generadores de gran potencia<\/span><\/p><\/div>\n\t\t\t\t<\/div>\n\t\t\t\t\t\t\t<div class=\"elementor-accordion-item\">\n\t\t\t\t\t<div id=\"elementor-tab-title-1153\" class=\"elementor-tab-title\" data-tab=\"3\" role=\"button\" aria-controls=\"elementor-tab-content-1153\" aria-expanded=\"false\">\n\t\t\t\t\t\t\t\t\t\t\t\t\t<span class=\"elementor-accordion-icon elementor-accordion-icon-left\" aria-hidden=\"true\">\n\t\t\t\t\t\t\t\t\t\t\t\t\t\t\t<span class=\"elementor-accordion-icon-closed\"><i class=\"fas fa-plus\"><\/i><\/span>\n\t\t\t\t\t\t\t\t<span class=\"elementor-accordion-icon-opened\"><i class=\"fas fa-minus\"><\/i><\/span>\n\t\t\t\t\t\t\t\t\t\t\t\t\t\t<\/span>\n\t\t\t\t\t\t\t\t\t\t\t\t<a class=\"elementor-accordion-title\" tabindex=\"0\">\u00bfOfrecen arriendo de generadores con mantenimiento durante el per\u00edodo de uso?<\/a>\n\t\t\t\t\t<\/div>\n\t\t\t\t\t<div id=\"elementor-tab-content-1153\" class=\"elementor-tab-content elementor-clearfix\" data-tab=\"3\" role=\"region\" aria-labelledby=\"elementor-tab-title-1153\"><p><span data-sheets-root=\"1\">Si, en ArriendaTuM\u00e1quina, el mantenimiento preventivo en terreno es una parte esencial de nuestro servicio y viene incluido en todos nuestros contratos de arriendo de generadores a lo largo de Chile.<\/span><\/p><\/div>\n\t\t\t\t<\/div>\n\t\t\t\t\t\t\t<div class=\"elementor-accordion-item\">\n\t\t\t\t\t<div id=\"elementor-tab-title-1154\" class=\"elementor-tab-title\" data-tab=\"4\" role=\"button\" aria-controls=\"elementor-tab-content-1154\" aria-expanded=\"false\">\n\t\t\t\t\t\t\t\t\t\t\t\t\t<span class=\"elementor-accordion-icon elementor-accordion-icon-left\" aria-hidden=\"true\">\n\t\t\t\t\t\t\t\t\t\t\t\t\t\t\t<span class=\"elementor-accordion-icon-closed\"><i class=\"fas fa-plus\"><\/i><\/span>\n\t\t\t\t\t\t\t\t<span class=\"elementor-accordion-icon-opened\"><i class=\"fas fa-minus\"><\/i><\/span>\n\t\t\t\t\t\t\t\t\t\t\t\t\t\t<\/span>\n\t\t\t\t\t\t\t\t\t\t\t\t<a class=\"elementor-accordion-title\" tabindex=\"0\">\u00bfQu\u00e9 documentaci\u00f3n se requiere para arrendar un generador en Chile?<\/a>\n\t\t\t\t\t<\/div>\n\t\t\t\t\t<div id=\"elementor-tab-content-1154\" class=\"elementor-tab-content elementor-clearfix\" data-tab=\"4\" role=\"region\" aria-labelledby=\"elementor-tab-title-1154\"><p><span data-sheets-root=\"1\">Para gestionar el arriendo de un generador el\u00e9ctrico con nosotros, el proceso est\u00e1 dise\u00f1ado para ser eficiente y asegurar la continuidad de tu suministro energ\u00e9tico. Al inicio, para generar tu cotizaci\u00f3n formal y verificar la disponibilidad en nuestra red de 350 proveedores, solo requerimos los datos b\u00e1sicos del proyecto:<br \/>&#8211; RUT de la empresa<br \/>&#8211; Nombre de la empresa<br \/>&#8211; Direcci\u00f3n y Comuna <br \/>&#8211; Equipo<br \/>&#8211; Fecha de inicio<br \/>&#8211; Tiempo estimado de arriendo (M\u00ednimo 1 mes)<br \/>&#8211; Faena<\/span><\/p><\/div>\n\t\t\t\t<\/div>\n\t\t\t\t\t\t\t<div class=\"elementor-accordion-item\">\n\t\t\t\t\t<div id=\"elementor-tab-title-1155\" class=\"elementor-tab-title\" data-tab=\"5\" role=\"button\" aria-controls=\"elementor-tab-content-1155\" aria-expanded=\"false\">\n\t\t\t\t\t\t\t\t\t\t\t\t\t<span class=\"elementor-accordion-icon elementor-accordion-icon-left\" aria-hidden=\"true\">\n\t\t\t\t\t\t\t\t\t\t\t\t\t\t\t<span class=\"elementor-accordion-icon-closed\"><i class=\"fas fa-plus\"><\/i><\/span>\n\t\t\t\t\t\t\t\t<span class=\"elementor-accordion-icon-opened\"><i class=\"fas fa-minus\"><\/i><\/span>\n\t\t\t\t\t\t\t\t\t\t\t\t\t\t<\/span>\n\t\t\t\t\t\t\t\t\t\t\t\t<a class=\"elementor-accordion-title\" tabindex=\"0\">\u00bfD\u00f3nde buscar promociones o descuentos en arriendo de generadores?<\/a>\n\t\t\t\t\t<\/div>\n\t\t\t\t\t<div id=\"elementor-tab-content-1155\" class=\"elementor-tab-content elementor-clearfix\" data-tab=\"5\" role=\"region\" aria-labelledby=\"elementor-tab-title-1155\"><p><span data-sheets-root=\"1\">M\u00e1s que buscar promociones temporales o cupones de un solo uso, en ArriendaTuM\u00e1quina ofrecemos un modelo de Descuentos Progresivos dise\u00f1ado para que el arriendo de generadores sea m\u00e1s rentable a medida que tu proyecto avanza.<br \/>Operamos con un periodo m\u00ednimo de in mes. Bajo esto, mientras m\u00e1s meses dure tu contrato, m\u00e1s baja sera la tarifa que pagar\u00e1s. Esta es la forma m\u00e1s efectiva de reducir costos operativos.<\/span><\/p><\/div>\n\t\t\t\t<\/div>\n\t\t\t\t\t\t\t<div class=\"elementor-accordion-item\">\n\t\t\t\t\t<div id=\"elementor-tab-title-1156\" class=\"elementor-tab-title\" data-tab=\"6\" role=\"button\" aria-controls=\"elementor-tab-content-1156\" aria-expanded=\"false\">\n\t\t\t\t\t\t\t\t\t\t\t\t\t<span class=\"elementor-accordion-icon elementor-accordion-icon-left\" aria-hidden=\"true\">\n\t\t\t\t\t\t\t\t\t\t\t\t\t\t\t<span class=\"elementor-accordion-icon-closed\"><i class=\"fas fa-plus\"><\/i><\/span>\n\t\t\t\t\t\t\t\t<span class=\"elementor-accordion-icon-opened\"><i class=\"fas fa-minus\"><\/i><\/span>\n\t\t\t\t\t\t\t\t\t\t\t\t\t\t<\/span>\n\t\t\t\t\t\t\t\t\t\t\t\t<a class=\"elementor-accordion-title\" tabindex=\"0\">\u00bfExisten servicios de arriendo de generadores con soporte t\u00e9cnico 24\/7?<\/a>\n\t\t\t\t\t<\/div>\n\t\t\t\t\t<div id=\"elementor-tab-content-1156\" class=\"elementor-tab-content elementor-clearfix\" data-tab=\"6\" role=\"region\" aria-labelledby=\"elementor-tab-title-1156\"><p><span data-sheets-root=\"1\">Si, en ArriendaTuM\u00e1quina, todos nuestros servicios de arriendo de generadores incluyen soporte t\u00e9cnico 24\/7 como un est\u00e1ndar de calidad.<\/span><\/p><\/div>\n\t\t\t\t<\/div>\n\t\t\t\t\t\t\t<div class=\"elementor-accordion-item\">\n\t\t\t\t\t<div id=\"elementor-tab-title-1157\" class=\"elementor-tab-title\" data-tab=\"7\" role=\"button\" aria-controls=\"elementor-tab-content-1157\" aria-expanded=\"false\">\n\t\t\t\t\t\t\t\t\t\t\t\t\t<span class=\"elementor-accordion-icon elementor-accordion-icon-left\" aria-hidden=\"true\">\n\t\t\t\t\t\t\t\t\t\t\t\t\t\t\t<span class=\"elementor-accordion-icon-closed\"><i class=\"fas fa-plus\"><\/i><\/span>\n\t\t\t\t\t\t\t\t<span class=\"elementor-accordion-icon-opened\"><i class=\"fas fa-minus\"><\/i><\/span>\n\t\t\t\t\t\t\t\t\t\t\t\t\t\t<\/span>\n\t\t\t\t\t\t\t\t\t\t\t\t<a class=\"elementor-accordion-title\" tabindex=\"0\">\u00bfQu\u00e9 empresas ofrecen servicios integrales de arriendo y transporte de generadores?<\/a>\n\t\t\t\t\t<\/div>\n\t\t\t\t\t<div id=\"elementor-tab-content-1157\" class=\"elementor-tab-content elementor-clearfix\" data-tab=\"7\" role=\"region\" aria-labelledby=\"elementor-tab-title-1157\"><p><span data-sheets-root=\"1\">En Chile, ArriendaTuM\u00e1quina ofrece un servicio verdaderamente integral que combina el arriendo de generadores con una log\u00edstica de transporte optimizada y soporte t\u00e9cnico continuo.<br \/>Nuestra propuesta se basa en una red de m\u00e1s de 350 proveedores a nivel nacional, lo que nos permite gestionar no solo el equipo, sino toda la cadena operativa para que tu proyecto no se detenga.<\/span><\/p><\/div>\n\t\t\t\t<\/div>\n\t\t\t\t\t\t\t<div class=\"elementor-accordion-item\">\n\t\t\t\t\t<div id=\"elementor-tab-title-1158\" class=\"elementor-tab-title\" data-tab=\"8\" role=\"button\" aria-controls=\"elementor-tab-content-1158\" aria-expanded=\"false\">\n\t\t\t\t\t\t\t\t\t\t\t\t\t<span class=\"elementor-accordion-icon elementor-accordion-icon-left\" aria-hidden=\"true\">\n\t\t\t\t\t\t\t\t\t\t\t\t\t\t\t<span class=\"elementor-accordion-icon-closed\"><i class=\"fas fa-plus\"><\/i><\/span>\n\t\t\t\t\t\t\t\t<span class=\"elementor-accordion-icon-opened\"><i class=\"fas fa-minus\"><\/i><\/span>\n\t\t\t\t\t\t\t\t\t\t\t\t\t\t<\/span>\n\t\t\t\t\t\t\t\t\t\t\t\t<a class=\"elementor-accordion-title\" tabindex=\"0\">\u00bfOfrecen arriendo de generadores con seguro incluido en el contrato?<\/a>\n\t\t\t\t\t<\/div>\n\t\t\t\t\t<div id=\"elementor-tab-content-1158\" class=\"elementor-tab-content elementor-clearfix\" data-tab=\"8\" role=\"region\" aria-labelledby=\"elementor-tab-title-1158\"><p><span data-sheets-root=\"1\">S\u00ed, en ArriendaTuM\u00e1quina, el arriendo de generadores incluye de forma est\u00e1ndar nuestra Protecci\u00f3n integral dentro del contrato.<br \/>Para nosotros, el seguro no es un costo adicional ni un opcional; es un pilar fundamental de nuestro servicio para garantizar que tu operaci\u00f3n industrial, minera o de construcci\u00f3n est\u00e9 respaldada ante cualquier eventualidad.<\/span><\/p><\/div>\n\t\t\t\t<\/div>\n\t\t\t\t\t\t\t<div class=\"elementor-accordion-item\">\n\t\t\t\t\t<div id=\"elementor-tab-title-1159\" class=\"elementor-tab-title\" data-tab=\"9\" role=\"button\" aria-controls=\"elementor-tab-content-1159\" aria-expanded=\"false\">\n\t\t\t\t\t\t\t\t\t\t\t\t\t<span class=\"elementor-accordion-icon elementor-accordion-icon-left\" aria-hidden=\"true\">\n\t\t\t\t\t\t\t\t\t\t\t\t\t\t\t<span class=\"elementor-accordion-icon-closed\"><i class=\"fas fa-plus\"><\/i><\/span>\n\t\t\t\t\t\t\t\t<span class=\"elementor-accordion-icon-opened\"><i class=\"fas fa-minus\"><\/i><\/span>\n\t\t\t\t\t\t\t\t\t\t\t\t\t\t<\/span>\n\t\t\t\t\t\t\t\t\t\t\t\t<a class=\"elementor-accordion-title\" tabindex=\"0\">\u00bfC\u00f3mo solicitar cotizaci\u00f3n para arriendo de generadores con entrega r\u00e1pida en Santiago?<\/a>\n\t\t\t\t\t<\/div>\n\t\t\t\t\t<div id=\"elementor-tab-content-1159\" class=\"elementor-tab-content elementor-clearfix\" data-tab=\"9\" role=\"region\" aria-labelledby=\"elementor-tab-title-1159\"><p><span data-sheets-root=\"1\">Para solicitar una cotizaci\u00f3n de generadores con entrega r\u00e1pida en Santiago, el proceso en ArriendaTuM\u00e1quina es sumamente \u00e1gil. Gracias a nuestra red de m\u00e1s de 350 proveedores, podemos localizar el equipo que se encuentre f\u00edsicamente m\u00e1s cerca de tu ubicaci\u00f3n en la Regi\u00f3n Metropolitana, optimizando los tiempos de despacho y bajando los costos de flete.<\/span><\/p><\/div>\n\t\t\t\t<\/div>\n\t\t\t\t\t\t\t<div class=\"elementor-accordion-item\">\n\t\t\t\t\t<div id=\"elementor-tab-title-11510\" class=\"elementor-tab-title\" data-tab=\"10\" role=\"button\" aria-controls=\"elementor-tab-content-11510\" aria-expanded=\"false\">\n\t\t\t\t\t\t\t\t\t\t\t\t\t<span class=\"elementor-accordion-icon elementor-accordion-icon-left\" aria-hidden=\"true\">\n\t\t\t\t\t\t\t\t\t\t\t\t\t\t\t<span class=\"elementor-accordion-icon-closed\"><i class=\"fas fa-plus\"><\/i><\/span>\n\t\t\t\t\t\t\t\t<span class=\"elementor-accordion-icon-opened\"><i class=\"fas fa-minus\"><\/i><\/span>\n\t\t\t\t\t\t\t\t\t\t\t\t\t\t<\/span>\n\t\t\t\t\t\t\t\t\t\t\t\t<a class=\"elementor-accordion-title\" tabindex=\"0\">\u00bfD\u00f3nde puedo ver cat\u00e1logos online de generadores disponibles para arriendo?<\/a>\n\t\t\t\t\t<\/div>\n\t\t\t\t\t<div id=\"elementor-tab-content-11510\" class=\"elementor-tab-content elementor-clearfix\" data-tab=\"10\" role=\"region\" aria-labelledby=\"elementor-tab-title-11510\"><p><span data-sheets-root=\"1\">En ArriendaTuM\u00e1quina, m\u00e1s que un cat\u00e1logo est\u00e1tico, ofrecemos una gesti\u00f3n de flota din\u00e1mica a trav\u00e9s de nuestra red de m\u00e1s de 350 proveedores en todo Chile. Esto nos permite encontrar el equipo exacto con las especificaciones t\u00e9cnicas que tu proyecto requiere, asegurando siempre la mayor cercan\u00eda a tu ubicaci\u00f3n.<\/span><\/p><\/div>\n\t\t\t\t<\/div>\n\t\t\t\t\t\t\t<div class=\"elementor-accordion-item\">\n\t\t\t\t\t<div id=\"elementor-tab-title-11511\" class=\"elementor-tab-title\" data-tab=\"11\" role=\"button\" aria-controls=\"elementor-tab-content-11511\" aria-expanded=\"false\">\n\t\t\t\t\t\t\t\t\t\t\t\t\t<span class=\"elementor-accordion-icon elementor-accordion-icon-left\" aria-hidden=\"true\">\n\t\t\t\t\t\t\t\t\t\t\t\t\t\t\t<span class=\"elementor-accordion-icon-closed\"><i class=\"fas fa-plus\"><\/i><\/span>\n\t\t\t\t\t\t\t\t<span class=\"elementor-accordion-icon-opened\"><i class=\"fas fa-minus\"><\/i><\/span>\n\t\t\t\t\t\t\t\t\t\t\t\t\t\t<\/span>\n\t\t\t\t\t\t\t\t\t\t\t\t<a class=\"elementor-accordion-title\" tabindex=\"0\">\u00bfEs rentable arrendar generadores con opci\u00f3n a soporte t\u00e9cnico durante el per\u00edodo de uso?<\/a>\n\t\t\t\t\t<\/div>\n\t\t\t\t\t<div id=\"elementor-tab-content-11511\" class=\"elementor-tab-content elementor-clearfix\" data-tab=\"11\" role=\"region\" aria-labelledby=\"elementor-tab-title-11511\"><p><span data-sheets-root=\"1\">Si, en el mercado industrial y de construcci\u00f3n chileno, la rentabilidad de arrendar un generador no se mide solo por la tarifa mensual, sino por la continuidad operativa. Un generador detenido por falta de mantenimiento puede costar millones en horas hombre perdidas y retrasos en los cronogramas.<\/span><\/p><\/div>\n\t\t\t\t<\/div>\n\t\t\t\t\t\t\t<div class=\"elementor-accordion-item\">\n\t\t\t\t\t<div id=\"elementor-tab-title-11512\" class=\"elementor-tab-title\" data-tab=\"12\" role=\"button\" aria-controls=\"elementor-tab-content-11512\" aria-expanded=\"false\">\n\t\t\t\t\t\t\t\t\t\t\t\t\t<span class=\"elementor-accordion-icon elementor-accordion-icon-left\" aria-hidden=\"true\">\n\t\t\t\t\t\t\t\t\t\t\t\t\t\t\t<span class=\"elementor-accordion-icon-closed\"><i class=\"fas fa-plus\"><\/i><\/span>\n\t\t\t\t\t\t\t\t<span class=\"elementor-accordion-icon-opened\"><i class=\"fas fa-minus\"><\/i><\/span>\n\t\t\t\t\t\t\t\t\t\t\t\t\t\t<\/span>\n\t\t\t\t\t\t\t\t\t\t\t\t<a class=\"elementor-accordion-title\" tabindex=\"0\">\u00bfC\u00f3mo identificar generadores en arriendo que cumplan con normas de seguridad chilenas?<\/a>\n\t\t\t\t\t<\/div>\n\t\t\t\t\t<div id=\"elementor-tab-content-11512\" class=\"elementor-tab-content elementor-clearfix\" data-tab=\"12\" role=\"region\" aria-labelledby=\"elementor-tab-title-11512\"><p><span data-sheets-root=\"1\">Para asegurar que un generador en arriendo cumpla con las normativas de seguridad vigentes en Chile (principalmente bajo la supervisi\u00f3n de la SEC &#8211; Superintendencia de Electricidad y Combustibles), es fundamental verificar tanto la certificaci\u00f3n del equipo como los est\u00e1ndares operativos de quien lo provee.<br \/>En ArriendaTuM\u00e1quina, con nuestros 25 a\u00f1os de trayectoria, garantizamos que cada equipo gestionado a trav\u00e9s de nuestra red de 350 proveedores cumpla estrictamente con estas exigencias.<\/span><\/p><\/div>\n\t\t\t\t<\/div>\n\t\t\t\t\t\t\t\t<\/div>\n\t\t\t\t\t\t<\/div>\n\t\t\t\t<\/div>\n\t\t\t\t\t<\/div>\n\t\t<\/div>\n\t\t\t\t\t<\/div>\n\t\t<\/section>\n\t\t\t\t<section class=\"elementor-section elementor-top-section elementor-element elementor-element-2ba9b03 elementor-section-boxed elementor-section-height-default elementor-section-height-default\" data-id=\"2ba9b03\" data-element_type=\"section\" data-e-type=\"section\">\n\t\t\t\t\t\t<div class=\"elementor-container elementor-column-gap-default\">\n\t\t\t\t\t<div class=\"elementor-column elementor-col-100 elementor-top-column elementor-element elementor-element-da47bc5\" data-id=\"da47bc5\" data-element_type=\"column\" data-e-type=\"column\">\n\t\t\t<div class=\"elementor-widget-wrap elementor-element-populated\">\n\t\t\t\t\t\t<div class=\"elementor-element elementor-element-74b74eb elementor-widget elementor-widget-heading\" data-id=\"74b74eb\" data-element_type=\"widget\" data-e-type=\"widget\" data-widget_type=\"heading.default\">\n\t\t\t\t<div class=\"elementor-widget-container\">\n\t\t\t\t\t<h2 class=\"elementor-heading-title elementor-size-default\">Torres de Iluminaci\u00f3n<\/h2>\t\t\t\t<\/div>\n\t\t\t\t<\/div>\n\t\t\t\t\t<\/div>\n\t\t<\/div>\n\t\t\t\t\t<\/div>\n\t\t<\/section>\n\t\t\t\t<section class=\"elementor-section elementor-top-section elementor-element elementor-element-515b5ee elementor-section-boxed elementor-section-height-default elementor-section-height-default\" data-id=\"515b5ee\" data-element_type=\"section\" data-e-type=\"section\">\n\t\t\t\t\t\t<div class=\"elementor-container elementor-column-gap-default\">\n\t\t\t\t\t<div class=\"elementor-column elementor-col-100 elementor-top-column elementor-element elementor-element-7aa8778\" data-id=\"7aa8778\" data-element_type=\"column\" data-e-type=\"column\">\n\t\t\t<div class=\"elementor-widget-wrap elementor-element-populated\">\n\t\t\t\t\t\t<div class=\"elementor-element elementor-element-9c021fe elementor-widget elementor-widget-text-editor\" data-id=\"9c021fe\" data-element_type=\"widget\" data-e-type=\"widget\" data-widget_type=\"text-editor.default\">\n\t\t\t\t<div class=\"elementor-widget-container\">\n\t\t\t\t\t\t\t\t\t<p>Sistemas m\u00f3viles compuestos por un m\u00e1stil extensible y focos de alta potencia, integrados con su propio motor generador para iluminar \u00e1reas de trabajo nocturnas o espacios de baja visibilidad.<\/p>\t\t\t\t\t\t\t\t<\/div>\n\t\t\t\t<\/div>\n\t\t\t\t\t<\/div>\n\t\t<\/div>\n\t\t\t\t\t<\/div>\n\t\t<\/section>\n\t\t\t\t<section class=\"elementor-section elementor-top-section elementor-element elementor-element-6937478 elementor-section-boxed elementor-section-height-default elementor-section-height-default\" data-id=\"6937478\" data-element_type=\"section\" data-e-type=\"section\">\n\t\t\t\t\t\t<div class=\"elementor-container elementor-column-gap-default\">\n\t\t\t\t\t<div class=\"elementor-column elementor-col-100 elementor-top-column elementor-element elementor-element-7d5c9f2\" data-id=\"7d5c9f2\" data-element_type=\"column\" data-e-type=\"column\">\n\t\t\t<div class=\"elementor-widget-wrap elementor-element-populated\">\n\t\t\t\t\t\t<div class=\"elementor-element elementor-element-edbdc77 elementor-widget elementor-widget-accordion\" data-id=\"edbdc77\" data-element_type=\"widget\" data-e-type=\"widget\" data-widget_type=\"accordion.default\">\n\t\t\t\t<div class=\"elementor-widget-container\">\n\t\t\t\t\t\t\t<div class=\"elementor-accordion\">\n\t\t\t\t\t\t\t<div class=\"elementor-accordion-item\">\n\t\t\t\t\t<div id=\"elementor-tab-title-2491\" class=\"elementor-tab-title\" data-tab=\"1\" role=\"button\" aria-controls=\"elementor-tab-content-2491\" aria-expanded=\"false\">\n\t\t\t\t\t\t\t\t\t\t\t\t\t<span class=\"elementor-accordion-icon elementor-accordion-icon-left\" aria-hidden=\"true\">\n\t\t\t\t\t\t\t\t\t\t\t\t\t\t\t<span class=\"elementor-accordion-icon-closed\"><i class=\"fas fa-plus\"><\/i><\/span>\n\t\t\t\t\t\t\t\t<span class=\"elementor-accordion-icon-opened\"><i class=\"fas fa-minus\"><\/i><\/span>\n\t\t\t\t\t\t\t\t\t\t\t\t\t\t<\/span>\n\t\t\t\t\t\t\t\t\t\t\t\t<a class=\"elementor-accordion-title\" tabindex=\"0\">\u00bfD\u00f3nde puedo arrendar torres de iluminaci\u00f3n en Chile?<\/a>\n\t\t\t\t\t<\/div>\n\t\t\t\t\t<div id=\"elementor-tab-content-2491\" class=\"elementor-tab-content elementor-clearfix\" data-tab=\"1\" role=\"region\" aria-labelledby=\"elementor-tab-title-2491\"><p><span data-sheets-root=\"1\">Para arrendar torres de iluminaci\u00f3n en Chile, la opci\u00f3n m\u00e1s eficiente es hacerlo a trav\u00e9s de ArriendaTuM\u00e1quina. Gracias a nuestra red de m\u00e1s de 350 proveedores a nivel nacional, localizamos el equipo que se encuentre f\u00edsicamente m\u00e1s cerca de tu obra o faena y optimizando los tiempos de entrega.<\/span><\/p><\/div>\n\t\t\t\t<\/div>\n\t\t\t\t\t\t\t<div class=\"elementor-accordion-item\">\n\t\t\t\t\t<div id=\"elementor-tab-title-2492\" class=\"elementor-tab-title\" data-tab=\"2\" role=\"button\" aria-controls=\"elementor-tab-content-2492\" aria-expanded=\"false\">\n\t\t\t\t\t\t\t\t\t\t\t\t\t<span class=\"elementor-accordion-icon elementor-accordion-icon-left\" aria-hidden=\"true\">\n\t\t\t\t\t\t\t\t\t\t\t\t\t\t\t<span class=\"elementor-accordion-icon-closed\"><i class=\"fas fa-plus\"><\/i><\/span>\n\t\t\t\t\t\t\t\t<span class=\"elementor-accordion-icon-opened\"><i class=\"fas fa-minus\"><\/i><\/span>\n\t\t\t\t\t\t\t\t\t\t\t\t\t\t<\/span>\n\t\t\t\t\t\t\t\t\t\t\t\t<a class=\"elementor-accordion-title\" tabindex=\"0\">\u00bfQu\u00e9 tipos de torres de iluminaci\u00f3n se pueden arrendar para construcci\u00f3n?<\/a>\n\t\t\t\t\t<\/div>\n\t\t\t\t\t<div id=\"elementor-tab-content-2492\" class=\"elementor-tab-content elementor-clearfix\" data-tab=\"2\" role=\"region\" aria-labelledby=\"elementor-tab-title-2492\"><p><span data-sheets-root=\"1\">Para proyectos de construcci\u00f3n en Chile, las torres de iluminaci\u00f3n se seleccionan principalmente seg\u00fan la eficiencia energ\u00e9tica y la calidad de la luz necesaria para la seguridad de los trabajadores. En ArriendaTuM\u00e1quina, a trav\u00e9s de nuestra red de 350 proveedores, gestionamos los tipos m\u00e1s robustos del mercado:<br \/>&#8211; Torres de iluminacion LED<br \/>&#8211; Torres de iluminacion hibridas<\/span><\/p><\/div>\n\t\t\t\t<\/div>\n\t\t\t\t\t\t\t<div class=\"elementor-accordion-item\">\n\t\t\t\t\t<div id=\"elementor-tab-title-2493\" class=\"elementor-tab-title\" data-tab=\"3\" role=\"button\" aria-controls=\"elementor-tab-content-2493\" aria-expanded=\"false\">\n\t\t\t\t\t\t\t\t\t\t\t\t\t<span class=\"elementor-accordion-icon elementor-accordion-icon-left\" aria-hidden=\"true\">\n\t\t\t\t\t\t\t\t\t\t\t\t\t\t\t<span class=\"elementor-accordion-icon-closed\"><i class=\"fas fa-plus\"><\/i><\/span>\n\t\t\t\t\t\t\t\t<span class=\"elementor-accordion-icon-opened\"><i class=\"fas fa-minus\"><\/i><\/span>\n\t\t\t\t\t\t\t\t\t\t\t\t\t\t<\/span>\n\t\t\t\t\t\t\t\t\t\t\t\t<a class=\"elementor-accordion-title\" tabindex=\"0\">\u00bfC\u00f3mo elegir una torre de iluminaci\u00f3n adecuada para obra nocturna?<\/a>\n\t\t\t\t\t<\/div>\n\t\t\t\t\t<div id=\"elementor-tab-content-2493\" class=\"elementor-tab-content elementor-clearfix\" data-tab=\"3\" role=\"region\" aria-labelledby=\"elementor-tab-title-2493\"><p><span data-sheets-root=\"1\">Elegir la torre de iluminaci\u00f3n correcta para una obra nocturna en Chile no solo es una cuesti\u00f3n de visibilidad, sino de cumplimiento normativo (DS 594) y eficiencia operativa. Con nuestra experiencia de 25 a\u00f1os en el rubro, te ayudamos a filtrar las opciones seg\u00fan estos 4 criterios t\u00e9cnicos:<br \/>&#8211; Tecnolog\u00eda de iluminaci\u00f3n<br \/>&#8211; Cobertura y altura del m\u00e1stil<br \/>&#8211; Autonom\u00eda y seguridad<br \/>&#8211; Condiciones del entorno<\/span><\/p><\/div>\n\t\t\t\t<\/div>\n\t\t\t\t\t\t\t<div class=\"elementor-accordion-item\">\n\t\t\t\t\t<div id=\"elementor-tab-title-2494\" class=\"elementor-tab-title\" data-tab=\"4\" role=\"button\" aria-controls=\"elementor-tab-content-2494\" aria-expanded=\"false\">\n\t\t\t\t\t\t\t\t\t\t\t\t\t<span class=\"elementor-accordion-icon elementor-accordion-icon-left\" aria-hidden=\"true\">\n\t\t\t\t\t\t\t\t\t\t\t\t\t\t\t<span class=\"elementor-accordion-icon-closed\"><i class=\"fas fa-plus\"><\/i><\/span>\n\t\t\t\t\t\t\t\t<span class=\"elementor-accordion-icon-opened\"><i class=\"fas fa-minus\"><\/i><\/span>\n\t\t\t\t\t\t\t\t\t\t\t\t\t\t<\/span>\n\t\t\t\t\t\t\t\t\t\t\t\t<a class=\"elementor-accordion-title\" tabindex=\"0\">\u00bfQu\u00e9 servicios adicionales suelen incluir los contratos de arriendo de torres de iluminaci\u00f3n?<\/a>\n\t\t\t\t\t<\/div>\n\t\t\t\t\t<div id=\"elementor-tab-content-2494\" class=\"elementor-tab-content elementor-clearfix\" data-tab=\"4\" role=\"region\" aria-labelledby=\"elementor-tab-title-2494\"><p><span data-sheets-root=\"1\">En ArriendaTuM\u00e1quina, entendemos que la iluminaci\u00f3n es cr\u00edtica para la seguridad y continuidad de los turnos nocturnos. Por eso, nuestros contratos no solo cubren el alquiler de la m\u00e1quina, sino que incluyen una serie de servicios dise\u00f1ados para que t\u00fa solo te preocupes de la obra.<br \/>Al gestionar tu arriendo (m\u00ednimo de 1 mes) con nosotros, accedes a los siguientes beneficios integrales respaldados por 25 a\u00f1os de trayectoria:<br \/>&#8211; Protecci\u00f3n integral<br \/>&#8211; Asistencia t\u00e9cnica 24\/7<br \/>&#8211; Mantenimiento preventivo<\/span><\/p><\/div>\n\t\t\t\t<\/div>\n\t\t\t\t\t\t\t<div class=\"elementor-accordion-item\">\n\t\t\t\t\t<div id=\"elementor-tab-title-2495\" class=\"elementor-tab-title\" data-tab=\"5\" role=\"button\" aria-controls=\"elementor-tab-content-2495\" aria-expanded=\"false\">\n\t\t\t\t\t\t\t\t\t\t\t\t\t<span class=\"elementor-accordion-icon elementor-accordion-icon-left\" aria-hidden=\"true\">\n\t\t\t\t\t\t\t\t\t\t\t\t\t\t\t<span class=\"elementor-accordion-icon-closed\"><i class=\"fas fa-plus\"><\/i><\/span>\n\t\t\t\t\t\t\t\t<span class=\"elementor-accordion-icon-opened\"><i class=\"fas fa-minus\"><\/i><\/span>\n\t\t\t\t\t\t\t\t\t\t\t\t\t\t<\/span>\n\t\t\t\t\t\t\t\t\t\t\t\t<a class=\"elementor-accordion-title\" tabindex=\"0\">\u00bfExisten descuentos por arriendo de torres de iluminaci\u00f3n a largo plazo?<\/a>\n\t\t\t\t\t<\/div>\n\t\t\t\t\t<div id=\"elementor-tab-content-2495\" class=\"elementor-tab-content elementor-clearfix\" data-tab=\"5\" role=\"region\" aria-labelledby=\"elementor-tab-title-2495\"><p><span data-sheets-root=\"1\">Si, en ArriendaTuM\u00e1quina, nuestro modelo comercial est\u00e1 dise\u00f1ado espec\u00edficamente para premiar la planificaci\u00f3n y la continuidad de tus proyectos a trav\u00e9s de Descuentos Progresivos.<br \/>Entendemos que las obras viales, mineras o de construcci\u00f3n masiva requieren iluminaci\u00f3n constante por varios meses, por lo que nuestra estructura de precios no es fija, mientras m\u00e1s largo sea el periodo de arriendo, menor ser\u00e1 la tarifa total.<\/span><\/p><\/div>\n\t\t\t\t<\/div>\n\t\t\t\t\t\t\t<div class=\"elementor-accordion-item\">\n\t\t\t\t\t<div id=\"elementor-tab-title-2496\" class=\"elementor-tab-title\" data-tab=\"6\" role=\"button\" aria-controls=\"elementor-tab-content-2496\" aria-expanded=\"false\">\n\t\t\t\t\t\t\t\t\t\t\t\t\t<span class=\"elementor-accordion-icon elementor-accordion-icon-left\" aria-hidden=\"true\">\n\t\t\t\t\t\t\t\t\t\t\t\t\t\t\t<span class=\"elementor-accordion-icon-closed\"><i class=\"fas fa-plus\"><\/i><\/span>\n\t\t\t\t\t\t\t\t<span class=\"elementor-accordion-icon-opened\"><i class=\"fas fa-minus\"><\/i><\/span>\n\t\t\t\t\t\t\t\t\t\t\t\t\t\t<\/span>\n\t\t\t\t\t\t\t\t\t\t\t\t<a class=\"elementor-accordion-title\" tabindex=\"0\">\u00bfServicio de mantenimiento incluido en el arriendo de torres de iluminaci\u00f3n?<\/a>\n\t\t\t\t\t<\/div>\n\t\t\t\t\t<div id=\"elementor-tab-content-2496\" class=\"elementor-tab-content elementor-clearfix\" data-tab=\"6\" role=\"region\" aria-labelledby=\"elementor-tab-title-2496\"><p><span data-sheets-root=\"1\">S\u00ed, en ArriendaTuM\u00e1quina el servicio de mantenimiento preventivo y correctivo est\u00e1 totalmente incluido en el precio de arriendo de nuestras torres de iluminaci\u00f3n.<\/span><\/p><\/div>\n\t\t\t\t<\/div>\n\t\t\t\t\t\t\t<div class=\"elementor-accordion-item\">\n\t\t\t\t\t<div id=\"elementor-tab-title-2497\" class=\"elementor-tab-title\" data-tab=\"7\" role=\"button\" aria-controls=\"elementor-tab-content-2497\" aria-expanded=\"false\">\n\t\t\t\t\t\t\t\t\t\t\t\t\t<span class=\"elementor-accordion-icon elementor-accordion-icon-left\" aria-hidden=\"true\">\n\t\t\t\t\t\t\t\t\t\t\t\t\t\t\t<span class=\"elementor-accordion-icon-closed\"><i class=\"fas fa-plus\"><\/i><\/span>\n\t\t\t\t\t\t\t\t<span class=\"elementor-accordion-icon-opened\"><i class=\"fas fa-minus\"><\/i><\/span>\n\t\t\t\t\t\t\t\t\t\t\t\t\t\t<\/span>\n\t\t\t\t\t\t\t\t\t\t\t\t<a class=\"elementor-accordion-title\" tabindex=\"0\">\u00bfQu\u00e9 documentaci\u00f3n se necesita para arrendar torres de iluminaci\u00f3n en Chile?<\/a>\n\t\t\t\t\t<\/div>\n\t\t\t\t\t<div id=\"elementor-tab-content-2497\" class=\"elementor-tab-content elementor-clearfix\" data-tab=\"7\" role=\"region\" aria-labelledby=\"elementor-tab-title-2497\"><p><span data-sheets-root=\"1\">Al inicio, para generar tu cotizaci\u00f3n formal y verificar la disponibilidad en nuestra red de 350 proveedores, solo requerimos los datos b\u00e1sicos del proyecto.<br \/>&#8211; RUT de la empresa<br \/>&#8211; Nombre de la empresa<br \/>&#8211; Direcci\u00f3n y comuna<br \/>&#8211; Equipo<br \/>&#8211; Fecha de inicio<br \/>&#8211; Tiempo estimado de arriendo<br \/>&#8211; Faena<br \/>Luego una vez aceptada la propuesta se solicitan la documentaci\u00f3n para formalizar el contrato.<\/span><\/p><\/div>\n\t\t\t\t<\/div>\n\t\t\t\t\t\t\t<div class=\"elementor-accordion-item\">\n\t\t\t\t\t<div id=\"elementor-tab-title-2498\" class=\"elementor-tab-title\" data-tab=\"8\" role=\"button\" aria-controls=\"elementor-tab-content-2498\" aria-expanded=\"false\">\n\t\t\t\t\t\t\t\t\t\t\t\t\t<span class=\"elementor-accordion-icon elementor-accordion-icon-left\" aria-hidden=\"true\">\n\t\t\t\t\t\t\t\t\t\t\t\t\t\t\t<span class=\"elementor-accordion-icon-closed\"><i class=\"fas fa-plus\"><\/i><\/span>\n\t\t\t\t\t\t\t\t<span class=\"elementor-accordion-icon-opened\"><i class=\"fas fa-minus\"><\/i><\/span>\n\t\t\t\t\t\t\t\t\t\t\t\t\t\t<\/span>\n\t\t\t\t\t\t\t\t\t\t\t\t<a class=\"elementor-accordion-title\" tabindex=\"0\">\u00bfHay proveedores que ofrezcan soporte t\u00e9cnico durante el periodo de arriendo de torres de iluminaci\u00f3n?<\/a>\n\t\t\t\t\t<\/div>\n\t\t\t\t\t<div id=\"elementor-tab-content-2498\" class=\"elementor-tab-content elementor-clearfix\" data-tab=\"8\" role=\"region\" aria-labelledby=\"elementor-tab-title-2498\"><p><span data-sheets-root=\"1\">Si, en ArriendaTuM\u00e1quina, el soporte t\u00e9cnico durante todo el periodo de arriendo no es un servicio opcional, sino una garant\u00eda incluida en todos nuestros contratos a lo largo de Chile.<\/span><\/p><\/div>\n\t\t\t\t<\/div>\n\t\t\t\t\t\t\t<div class=\"elementor-accordion-item\">\n\t\t\t\t\t<div id=\"elementor-tab-title-2499\" class=\"elementor-tab-title\" data-tab=\"9\" role=\"button\" aria-controls=\"elementor-tab-content-2499\" aria-expanded=\"false\">\n\t\t\t\t\t\t\t\t\t\t\t\t\t<span class=\"elementor-accordion-icon elementor-accordion-icon-left\" aria-hidden=\"true\">\n\t\t\t\t\t\t\t\t\t\t\t\t\t\t\t<span class=\"elementor-accordion-icon-closed\"><i class=\"fas fa-plus\"><\/i><\/span>\n\t\t\t\t\t\t\t\t<span class=\"elementor-accordion-icon-opened\"><i class=\"fas fa-minus\"><\/i><\/span>\n\t\t\t\t\t\t\t\t\t\t\t\t\t\t<\/span>\n\t\t\t\t\t\t\t\t\t\t\t\t<a class=\"elementor-accordion-title\" tabindex=\"0\">\u00bfD\u00f3nde puedo solicitar cotizaciones para arriendo de torres de iluminaci\u00f3n en regiones del sur de Chile?<\/a>\n\t\t\t\t\t<\/div>\n\t\t\t\t\t<div id=\"elementor-tab-content-2499\" class=\"elementor-tab-content elementor-clearfix\" data-tab=\"9\" role=\"region\" aria-labelledby=\"elementor-tab-title-2499\"><p><span data-sheets-root=\"1\">Para solicitar cotizaciones en el sur de Chile (desde la Regi\u00f3n del Biob\u00edo hasta Magallanes), puedes hacerlo directamente con nosotros en ArriendaTuM\u00e1quina.<br \/>Nuestra ventaja competitiva en regiones es nuestra red de m\u00e1s de 350 proveedores. Esto nos permite localizar las torres de iluminaci\u00f3n que est\u00e9n f\u00edsicamente m\u00e1s cerca de tu obra en el sur.<\/span><\/p><\/div>\n\t\t\t\t<\/div>\n\t\t\t\t\t\t\t<div class=\"elementor-accordion-item\">\n\t\t\t\t\t<div id=\"elementor-tab-title-24910\" class=\"elementor-tab-title\" data-tab=\"10\" role=\"button\" aria-controls=\"elementor-tab-content-24910\" aria-expanded=\"false\">\n\t\t\t\t\t\t\t\t\t\t\t\t\t<span class=\"elementor-accordion-icon elementor-accordion-icon-left\" aria-hidden=\"true\">\n\t\t\t\t\t\t\t\t\t\t\t\t\t\t\t<span class=\"elementor-accordion-icon-closed\"><i class=\"fas fa-plus\"><\/i><\/span>\n\t\t\t\t\t\t\t\t<span class=\"elementor-accordion-icon-opened\"><i class=\"fas fa-minus\"><\/i><\/span>\n\t\t\t\t\t\t\t\t\t\t\t\t\t\t<\/span>\n\t\t\t\t\t\t\t\t\t\t\t\t<a class=\"elementor-accordion-title\" tabindex=\"0\">\u00bfD\u00f3nde puedo arrendar torres de iluminaci\u00f3n que cumplan con normas de seguridad el\u00e9ctrica chilenas?<\/a>\n\t\t\t\t\t<\/div>\n\t\t\t\t\t<div id=\"elementor-tab-content-24910\" class=\"elementor-tab-content elementor-clearfix\" data-tab=\"10\" role=\"region\" aria-labelledby=\"elementor-tab-title-24910\"><p><span data-sheets-root=\"1\">Para arrendar torres de iluminaci\u00f3n que cumplan estrictamente con las normas de seguridad el\u00e9ctrica chilenas, la opci\u00f3n m\u00e1s segura es hacerlo a trav\u00e9s de ArriendaTuM\u00e1quina.<br \/>Con el respaldo de nuestros 25 a\u00f1os de trayectoria, garantizamos que cada equipo gestionado a trav\u00e9s de nuestra red de 350 proveedores cumpla con los est\u00e1ndares exigidos para faenas mineras, industriales y de construcci\u00f3n en Chile.<\/span><\/p><\/div>\n\t\t\t\t<\/div>\n\t\t\t\t\t\t\t<div class=\"elementor-accordion-item\">\n\t\t\t\t\t<div id=\"elementor-tab-title-24911\" class=\"elementor-tab-title\" data-tab=\"11\" role=\"button\" aria-controls=\"elementor-tab-content-24911\" aria-expanded=\"false\">\n\t\t\t\t\t\t\t\t\t\t\t\t\t<span class=\"elementor-accordion-icon elementor-accordion-icon-left\" aria-hidden=\"true\">\n\t\t\t\t\t\t\t\t\t\t\t\t\t\t\t<span class=\"elementor-accordion-icon-closed\"><i class=\"fas fa-plus\"><\/i><\/span>\n\t\t\t\t\t\t\t\t<span class=\"elementor-accordion-icon-opened\"><i class=\"fas fa-minus\"><\/i><\/span>\n\t\t\t\t\t\t\t\t\t\t\t\t\t\t<\/span>\n\t\t\t\t\t\t\t\t\t\t\t\t<a class=\"elementor-accordion-title\" tabindex=\"0\">\u00bfD\u00f3nde puedo contratar servicios de arriendo de torres de iluminaci\u00f3n con soporte 24\/7?<\/a>\n\t\t\t\t\t<\/div>\n\t\t\t\t\t<div id=\"elementor-tab-content-24911\" class=\"elementor-tab-content elementor-clearfix\" data-tab=\"11\" role=\"region\" aria-labelledby=\"elementor-tab-title-24911\"><p><span data-sheets-root=\"1\">En ArriendaTuM\u00e1quina, el soporte t\u00e9cnico 24\/7 no es un servicio adicional, sino un est\u00e1ndar que viene incluido en todos nuestros contratos de arriendo de torres de iluminaci\u00f3n a lo largo de Chile.<\/span><\/p><\/div>\n\t\t\t\t<\/div>\n\t\t\t\t\t\t\t\t<\/div>\n\t\t\t\t\t\t<\/div>\n\t\t\t\t<\/div>\n\t\t\t\t\t<\/div>\n\t\t<\/div>\n\t\t\t\t\t<\/div>\n\t\t<\/section>\n\t\t\t\t<section class=\"elementor-section elementor-top-section elementor-element elementor-element-33dc7c4 elementor-section-boxed elementor-section-height-default elementor-section-height-default\" data-id=\"33dc7c4\" data-element_type=\"section\" data-e-type=\"section\">\n\t\t\t\t\t\t<div class=\"elementor-container elementor-column-gap-default\">\n\t\t\t\t\t<div class=\"elementor-column elementor-col-100 elementor-top-column elementor-element elementor-element-c0da65b\" data-id=\"c0da65b\" data-element_type=\"column\" data-e-type=\"column\">\n\t\t\t<div class=\"elementor-widget-wrap elementor-element-populated\">\n\t\t\t\t\t\t<div class=\"elementor-element elementor-element-34e4b1c elementor-widget elementor-widget-heading\" data-id=\"34e4b1c\" data-element_type=\"widget\" data-e-type=\"widget\" data-widget_type=\"heading.default\">\n\t\t\t\t<div class=\"elementor-widget-container\">\n\t\t\t\t\t<h2 class=\"elementor-heading-title elementor-size-default\">Compresores<\/h2>\t\t\t\t<\/div>\n\t\t\t\t<\/div>\n\t\t\t\t\t<\/div>\n\t\t<\/div>\n\t\t\t\t\t<\/div>\n\t\t<\/section>\n\t\t\t\t<section class=\"elementor-section elementor-top-section elementor-element elementor-element-d3d44e4 elementor-section-boxed elementor-section-height-default elementor-section-height-default\" data-id=\"d3d44e4\" data-element_type=\"section\" data-e-type=\"section\">\n\t\t\t\t\t\t<div class=\"elementor-container elementor-column-gap-default\">\n\t\t\t\t\t<div class=\"elementor-column elementor-col-100 elementor-top-column elementor-element elementor-element-192d3da\" data-id=\"192d3da\" data-element_type=\"column\" data-e-type=\"column\">\n\t\t\t<div class=\"elementor-widget-wrap elementor-element-populated\">\n\t\t\t\t\t\t<div class=\"elementor-element elementor-element-6230fe7 elementor-widget elementor-widget-text-editor\" data-id=\"6230fe7\" data-element_type=\"widget\" data-e-type=\"widget\" data-widget_type=\"text-editor.default\">\n\t\t\t\t<div class=\"elementor-widget-container\">\n\t\t\t\t\t\t\t\t\t<p>M\u00e1quinas dise\u00f1adas para captar aire del entorno y comprimirlo a alta presi\u00f3n para alimentar herramientas neum\u00e1ticas, sistemas de limpieza o procesos industriales que requieren flujo de aire constante.<\/p>\t\t\t\t\t\t\t\t<\/div>\n\t\t\t\t<\/div>\n\t\t\t\t\t<\/div>\n\t\t<\/div>\n\t\t\t\t\t<\/div>\n\t\t<\/section>\n\t\t\t\t<section class=\"elementor-section elementor-top-section elementor-element elementor-element-c9f345f elementor-section-boxed elementor-section-height-default elementor-section-height-default\" data-id=\"c9f345f\" data-element_type=\"section\" data-e-type=\"section\">\n\t\t\t\t\t\t<div class=\"elementor-container elementor-column-gap-default\">\n\t\t\t\t\t<div class=\"elementor-column elementor-col-100 elementor-top-column elementor-element elementor-element-0705b6a\" data-id=\"0705b6a\" data-element_type=\"column\" data-e-type=\"column\">\n\t\t\t<div class=\"elementor-widget-wrap elementor-element-populated\">\n\t\t\t\t\t\t<div class=\"elementor-element elementor-element-31aad53 elementor-widget elementor-widget-accordion\" data-id=\"31aad53\" data-element_type=\"widget\" data-e-type=\"widget\" data-widget_type=\"accordion.default\">\n\t\t\t\t<div class=\"elementor-widget-container\">\n\t\t\t\t\t\t\t<div class=\"elementor-accordion\">\n\t\t\t\t\t\t\t<div class=\"elementor-accordion-item\">\n\t\t\t\t\t<div id=\"elementor-tab-title-5201\" class=\"elementor-tab-title\" data-tab=\"1\" role=\"button\" aria-controls=\"elementor-tab-content-5201\" aria-expanded=\"false\">\n\t\t\t\t\t\t\t\t\t\t\t\t\t<span class=\"elementor-accordion-icon elementor-accordion-icon-left\" aria-hidden=\"true\">\n\t\t\t\t\t\t\t\t\t\t\t\t\t\t\t<span class=\"elementor-accordion-icon-closed\"><i class=\"fas fa-plus\"><\/i><\/span>\n\t\t\t\t\t\t\t\t<span class=\"elementor-accordion-icon-opened\"><i class=\"fas fa-minus\"><\/i><\/span>\n\t\t\t\t\t\t\t\t\t\t\t\t\t\t<\/span>\n\t\t\t\t\t\t\t\t\t\t\t\t<a class=\"elementor-accordion-title\" tabindex=\"0\">\u00bfCu\u00e1les son las mejores opciones para arriendo de compresores en Chile?<\/a>\n\t\t\t\t\t<\/div>\n\t\t\t\t\t<div id=\"elementor-tab-content-5201\" class=\"elementor-tab-content elementor-clearfix\" data-tab=\"1\" role=\"region\" aria-labelledby=\"elementor-tab-title-5201\"><p><span data-sheets-root=\"1\">En ArriendaTuM\u00e1quina, ofrecemos las mejores opciones para el arriendo de compresores de aire en todo Chile, integrando una soluci\u00f3n t\u00e9cnica de alto nivel con una log\u00edstica optimizada para tu proyecto. Gracias a nuestra red de m\u00e1s de 350 proveedores, gestionamos equipos que se adaptan con precisi\u00f3n a las exigencias de los sectores minero, industrial y de construcci\u00f3n.<\/span><\/p><\/div>\n\t\t\t\t<\/div>\n\t\t\t\t\t\t\t<div class=\"elementor-accordion-item\">\n\t\t\t\t\t<div id=\"elementor-tab-title-5202\" class=\"elementor-tab-title\" data-tab=\"2\" role=\"button\" aria-controls=\"elementor-tab-content-5202\" aria-expanded=\"false\">\n\t\t\t\t\t\t\t\t\t\t\t\t\t<span class=\"elementor-accordion-icon elementor-accordion-icon-left\" aria-hidden=\"true\">\n\t\t\t\t\t\t\t\t\t\t\t\t\t\t\t<span class=\"elementor-accordion-icon-closed\"><i class=\"fas fa-plus\"><\/i><\/span>\n\t\t\t\t\t\t\t\t<span class=\"elementor-accordion-icon-opened\"><i class=\"fas fa-minus\"><\/i><\/span>\n\t\t\t\t\t\t\t\t\t\t\t\t\t\t<\/span>\n\t\t\t\t\t\t\t\t\t\t\t\t<a class=\"elementor-accordion-title\" tabindex=\"0\">\u00bfExisten proveedores que ofrezcan compresores en arriendo con servicio t\u00e9cnico incluido?<\/a>\n\t\t\t\t\t<\/div>\n\t\t\t\t\t<div id=\"elementor-tab-content-5202\" class=\"elementor-tab-content elementor-clearfix\" data-tab=\"2\" role=\"region\" aria-labelledby=\"elementor-tab-title-5202\"><p><span data-sheets-root=\"1\">Si, en ArriendaTuM\u00e1quina, el servicio t\u00e9cnico no es un opcional, sino un componente central de nuestro contrato de arriendo de compresores en todo Chile. Entendemos que en aplicaciones como la miner\u00eda o la construcci\u00f3n, un compresor detenido por una falla t\u00e9cnica puede paralizar herramientas neum\u00e1ticas, perforaciones o procesos cr\u00edticos, generando costos alt\u00edsimos.<\/span><\/p><\/div>\n\t\t\t\t<\/div>\n\t\t\t\t\t\t\t<div class=\"elementor-accordion-item\">\n\t\t\t\t\t<div id=\"elementor-tab-title-5203\" class=\"elementor-tab-title\" data-tab=\"3\" role=\"button\" aria-controls=\"elementor-tab-content-5203\" aria-expanded=\"false\">\n\t\t\t\t\t\t\t\t\t\t\t\t\t<span class=\"elementor-accordion-icon elementor-accordion-icon-left\" aria-hidden=\"true\">\n\t\t\t\t\t\t\t\t\t\t\t\t\t\t\t<span class=\"elementor-accordion-icon-closed\"><i class=\"fas fa-plus\"><\/i><\/span>\n\t\t\t\t\t\t\t\t<span class=\"elementor-accordion-icon-opened\"><i class=\"fas fa-minus\"><\/i><\/span>\n\t\t\t\t\t\t\t\t\t\t\t\t\t\t<\/span>\n\t\t\t\t\t\t\t\t\t\t\t\t<a class=\"elementor-accordion-title\" tabindex=\"0\">\u00bfD\u00f3nde puedo solicitar cotizaci\u00f3n para arriendo de compresores industriales?<\/a>\n\t\t\t\t\t<\/div>\n\t\t\t\t\t<div id=\"elementor-tab-content-5203\" class=\"elementor-tab-content elementor-clearfix\" data-tab=\"3\" role=\"region\" aria-labelledby=\"elementor-tab-title-5203\"><p><span data-sheets-root=\"1\">En ArriendaTuM\u00e1quina, puedes solicitar tu cotizaci\u00f3n para el arriendo de compresores industriales de manera r\u00e1pida y centralizada. Gracias a nuestra red de m\u00e1s de 350 proveedores en todo Chile, gestionamos equipos de alta presi\u00f3n y gran caudal dise\u00f1ados para las exigencias de la miner\u00eda, la industria y la gran construcci\u00f3n.<br \/>Nuestra ventaja es que no necesitas buscar proveedor por proveedor; nosotros localizamos el equipo que est\u00e9 geogr\u00e1ficamente m\u00e1s cerca de tu direcci\u00f3n y comuna, optimizando el costo del flete y garantizando una entrega \u00e1gil.<\/span><\/p><\/div>\n\t\t\t\t<\/div>\n\t\t\t\t\t\t\t<div class=\"elementor-accordion-item\">\n\t\t\t\t\t<div id=\"elementor-tab-title-5204\" class=\"elementor-tab-title\" data-tab=\"4\" role=\"button\" aria-controls=\"elementor-tab-content-5204\" aria-expanded=\"false\">\n\t\t\t\t\t\t\t\t\t\t\t\t\t<span class=\"elementor-accordion-icon elementor-accordion-icon-left\" aria-hidden=\"true\">\n\t\t\t\t\t\t\t\t\t\t\t\t\t\t\t<span class=\"elementor-accordion-icon-closed\"><i class=\"fas fa-plus\"><\/i><\/span>\n\t\t\t\t\t\t\t\t<span class=\"elementor-accordion-icon-opened\"><i class=\"fas fa-minus\"><\/i><\/span>\n\t\t\t\t\t\t\t\t\t\t\t\t\t\t<\/span>\n\t\t\t\t\t\t\t\t\t\t\t\t<a class=\"elementor-accordion-title\" tabindex=\"0\">\u00bfExisten opciones de arriendo de compresores con entrega inmediata en regiones?<\/a>\n\t\t\t\t\t<\/div>\n\t\t\t\t\t<div id=\"elementor-tab-content-5204\" class=\"elementor-tab-content elementor-clearfix\" data-tab=\"4\" role=\"region\" aria-labelledby=\"elementor-tab-title-5204\"><p><span data-sheets-root=\"1\">Si, en ArriendaTuM\u00e1quina, ofrecemos opciones de arriendo de compresores con entrega r\u00e1pida en regiones, gracias a nuestro modelo de gesti\u00f3n basado en una red de m\u00e1s de 350 proveedores distribuidos estrat\u00e9gicamente en todo Chile.<\/span><\/p><\/div>\n\t\t\t\t<\/div>\n\t\t\t\t\t\t\t<div class=\"elementor-accordion-item\">\n\t\t\t\t\t<div id=\"elementor-tab-title-5205\" class=\"elementor-tab-title\" data-tab=\"5\" role=\"button\" aria-controls=\"elementor-tab-content-5205\" aria-expanded=\"false\">\n\t\t\t\t\t\t\t\t\t\t\t\t\t<span class=\"elementor-accordion-icon elementor-accordion-icon-left\" aria-hidden=\"true\">\n\t\t\t\t\t\t\t\t\t\t\t\t\t\t\t<span class=\"elementor-accordion-icon-closed\"><i class=\"fas fa-plus\"><\/i><\/span>\n\t\t\t\t\t\t\t\t<span class=\"elementor-accordion-icon-opened\"><i class=\"fas fa-minus\"><\/i><\/span>\n\t\t\t\t\t\t\t\t\t\t\t\t\t\t<\/span>\n\t\t\t\t\t\t\t\t\t\t\t\t<a class=\"elementor-accordion-title\" tabindex=\"0\">\u00bfSe pueden arrendar compresores para uso en miner\u00eda en Chile?<\/a>\n\t\t\t\t\t<\/div>\n\t\t\t\t\t<div id=\"elementor-tab-content-5205\" class=\"elementor-tab-content elementor-clearfix\" data-tab=\"5\" role=\"region\" aria-labelledby=\"elementor-tab-title-5205\"><p><span data-sheets-root=\"1\">Si, en ArriendaTuM\u00e1quina, el arriendo de compresores para miner\u00eda es una de nuestras especialidades. Contamos con una red de m\u00e1s de 350 proveedores que disponen de equipos de alta presi\u00f3n, dise\u00f1ados espec\u00edficamente para resistir las condiciones extremas de altitud, polvo y temperatura de las faenas mineras en Chile.<\/span><\/p><\/div>\n\t\t\t\t<\/div>\n\t\t\t\t\t\t\t<div class=\"elementor-accordion-item\">\n\t\t\t\t\t<div id=\"elementor-tab-title-5206\" class=\"elementor-tab-title\" data-tab=\"6\" role=\"button\" aria-controls=\"elementor-tab-content-5206\" aria-expanded=\"false\">\n\t\t\t\t\t\t\t\t\t\t\t\t\t<span class=\"elementor-accordion-icon elementor-accordion-icon-left\" aria-hidden=\"true\">\n\t\t\t\t\t\t\t\t\t\t\t\t\t\t\t<span class=\"elementor-accordion-icon-closed\"><i class=\"fas fa-plus\"><\/i><\/span>\n\t\t\t\t\t\t\t\t<span class=\"elementor-accordion-icon-opened\"><i class=\"fas fa-minus\"><\/i><\/span>\n\t\t\t\t\t\t\t\t\t\t\t\t\t\t<\/span>\n\t\t\t\t\t\t\t\t\t\t\t\t<a class=\"elementor-accordion-title\" tabindex=\"0\">\u00bfD\u00f3nde encuentro compresores en arriendo para proyectos agr\u00edcolas en Chile?<\/a>\n\t\t\t\t\t<\/div>\n\t\t\t\t\t<div id=\"elementor-tab-content-5206\" class=\"elementor-tab-content elementor-clearfix\" data-tab=\"6\" role=\"region\" aria-labelledby=\"elementor-tab-title-5206\"><p><span data-sheets-root=\"1\">En ArriendaTuM\u00e1quina, gestionamos el arriendo de compresores para proyectos agr\u00edcolas en todo Chile, adapt\u00e1ndonos a las necesidades espec\u00edficas de la temporada, ya sea para limpieza de sistemas de riego o soplado de maquinaria de cosecha.<\/span><\/p><\/div>\n\t\t\t\t<\/div>\n\t\t\t\t\t\t\t<div class=\"elementor-accordion-item\">\n\t\t\t\t\t<div id=\"elementor-tab-title-5207\" class=\"elementor-tab-title\" data-tab=\"7\" role=\"button\" aria-controls=\"elementor-tab-content-5207\" aria-expanded=\"false\">\n\t\t\t\t\t\t\t\t\t\t\t\t\t<span class=\"elementor-accordion-icon elementor-accordion-icon-left\" aria-hidden=\"true\">\n\t\t\t\t\t\t\t\t\t\t\t\t\t\t\t<span class=\"elementor-accordion-icon-closed\"><i class=\"fas fa-plus\"><\/i><\/span>\n\t\t\t\t\t\t\t\t<span class=\"elementor-accordion-icon-opened\"><i class=\"fas fa-minus\"><\/i><\/span>\n\t\t\t\t\t\t\t\t\t\t\t\t\t\t<\/span>\n\t\t\t\t\t\t\t\t\t\t\t\t<a class=\"elementor-accordion-title\" tabindex=\"0\">\u00bfSe puede contratar arriendo de compresores online con entrega a domicilio?<\/a>\n\t\t\t\t\t<\/div>\n\t\t\t\t\t<div id=\"elementor-tab-content-5207\" class=\"elementor-tab-content elementor-clearfix\" data-tab=\"7\" role=\"region\" aria-labelledby=\"elementor-tab-title-5207\"><p><span data-sheets-root=\"1\">En ArriendaTuM\u00e1quina, hemos digitalizado el proceso para que puedas gestionar el arriendo de compresores 100% online y recibir el equipo directamente en la direcci\u00f3n de tu proyecto, obra o faena en cualquier lugar de Chile.<br \/>A trav\u00e9s de nuestra plataforma, eliminamos la necesidad de visitas presenciales para cotizar. Gracias a nuestra red de 350 proveedores, localizamos la m\u00e1quina que est\u00e9 geogr\u00e1ficamente m\u00e1s cerca de tu ubicaci\u00f3n, garantizando que la entrega a domicilio sea r\u00e1pida.<\/span><\/p><\/div>\n\t\t\t\t<\/div>\n\t\t\t\t\t\t\t<div class=\"elementor-accordion-item\">\n\t\t\t\t\t<div id=\"elementor-tab-title-5208\" class=\"elementor-tab-title\" data-tab=\"8\" role=\"button\" aria-controls=\"elementor-tab-content-5208\" aria-expanded=\"false\">\n\t\t\t\t\t\t\t\t\t\t\t\t\t<span class=\"elementor-accordion-icon elementor-accordion-icon-left\" aria-hidden=\"true\">\n\t\t\t\t\t\t\t\t\t\t\t\t\t\t\t<span class=\"elementor-accordion-icon-closed\"><i class=\"fas fa-plus\"><\/i><\/span>\n\t\t\t\t\t\t\t\t<span class=\"elementor-accordion-icon-opened\"><i class=\"fas fa-minus\"><\/i><\/span>\n\t\t\t\t\t\t\t\t\t\t\t\t\t\t<\/span>\n\t\t\t\t\t\t\t\t\t\t\t\t<a class=\"elementor-accordion-title\" tabindex=\"0\">\u00bfQu\u00e9 opciones de arriendo de compresores ofrecen soporte t\u00e9cnico 24\/7 en Chile?<\/a>\n\t\t\t\t\t<\/div>\n\t\t\t\t\t<div id=\"elementor-tab-content-5208\" class=\"elementor-tab-content elementor-clearfix\" data-tab=\"8\" role=\"region\" aria-labelledby=\"elementor-tab-title-5208\"><p><span data-sheets-root=\"1\">En ArriendaTuMaquina, ofrecemos opciones de arriendo de compresores con un ecosistema de soporte t\u00e9cnico 24\/7 dise\u00f1ado para que tu flujo de aire nunca se interrumpa. Con el respaldo de nuestros 25 a\u00f1os de trayectoria, entendemos que un compresor detenido significa herramientas paradas y p\u00e9rdidas econ\u00f3micas, por lo que la asistencia t\u00e9cnica permanente es parte integral de nuestra propuesta.<\/span><\/p><\/div>\n\t\t\t\t<\/div>\n\t\t\t\t\t\t\t<div class=\"elementor-accordion-item\">\n\t\t\t\t\t<div id=\"elementor-tab-title-5209\" class=\"elementor-tab-title\" data-tab=\"9\" role=\"button\" aria-controls=\"elementor-tab-content-5209\" aria-expanded=\"false\">\n\t\t\t\t\t\t\t\t\t\t\t\t\t<span class=\"elementor-accordion-icon elementor-accordion-icon-left\" aria-hidden=\"true\">\n\t\t\t\t\t\t\t\t\t\t\t\t\t\t\t<span class=\"elementor-accordion-icon-closed\"><i class=\"fas fa-plus\"><\/i><\/span>\n\t\t\t\t\t\t\t\t<span class=\"elementor-accordion-icon-opened\"><i class=\"fas fa-minus\"><\/i><\/span>\n\t\t\t\t\t\t\t\t\t\t\t\t\t\t<\/span>\n\t\t\t\t\t\t\t\t\t\t\t\t<a class=\"elementor-accordion-title\" tabindex=\"0\">\u00bfQu\u00e9 opciones de arriendo de compresores incluyen capacitaci\u00f3n para operarios en Chile?<\/a>\n\t\t\t\t\t<\/div>\n\t\t\t\t\t<div id=\"elementor-tab-content-5209\" class=\"elementor-tab-content elementor-clearfix\" data-tab=\"9\" role=\"region\" aria-labelledby=\"elementor-tab-title-5209\"><p><span data-sheets-root=\"1\">En ArriendaTuM\u00e1quina, entendemos que la eficiencia y la seguridad de un compresor dependen directamente de su correcto uso. Por ello, todas nuestras opciones de arriendo incluyen una inducci\u00f3n t\u00e9cnica y capacitaci\u00f3n al momento de la entrega del equipo en faena.<\/span><\/p><\/div>\n\t\t\t\t<\/div>\n\t\t\t\t\t\t\t\t<\/div>\n\t\t\t\t\t\t<\/div>\n\t\t\t\t<\/div>\n\t\t\t\t\t<\/div>\n\t\t<\/div>\n\t\t\t\t\t<\/div>\n\t\t<\/section>\n\t\t\t\t<section class=\"elementor-section elementor-top-section elementor-element elementor-element-683b48d elementor-section-boxed elementor-section-height-default elementor-section-height-default\" data-id=\"683b48d\" data-element_type=\"section\" data-e-type=\"section\">\n\t\t\t\t\t\t<div class=\"elementor-container elementor-column-gap-default\">\n\t\t\t\t\t<div class=\"elementor-column elementor-col-100 elementor-top-column elementor-element elementor-element-59cbe60\" data-id=\"59cbe60\" data-element_type=\"column\" data-e-type=\"column\">\n\t\t\t<div class=\"elementor-widget-wrap elementor-element-populated\">\n\t\t\t\t\t\t<div class=\"elementor-element elementor-element-ab25556 elementor-widget elementor-widget-heading\" data-id=\"ab25556\" data-element_type=\"widget\" data-e-type=\"widget\" data-widget_type=\"heading.default\">\n\t\t\t\t<div class=\"elementor-widget-container\">\n\t\t\t\t\t<h2 class=\"elementor-heading-title elementor-size-default\">Aseo Industrial<\/h2>\t\t\t\t<\/div>\n\t\t\t\t<\/div>\n\t\t\t\t\t<\/div>\n\t\t<\/div>\n\t\t\t\t\t<\/div>\n\t\t<\/section>\n\t\t\t\t<section class=\"elementor-section elementor-top-section elementor-element elementor-element-bf4448f elementor-section-boxed elementor-section-height-default elementor-section-height-default\" data-id=\"bf4448f\" data-element_type=\"section\" data-e-type=\"section\">\n\t\t\t\t\t\t<div class=\"elementor-container elementor-column-gap-default\">\n\t\t\t\t\t<div class=\"elementor-column elementor-col-100 elementor-top-column elementor-element elementor-element-79e5244\" data-id=\"79e5244\" data-element_type=\"column\" data-e-type=\"column\">\n\t\t\t<div class=\"elementor-widget-wrap elementor-element-populated\">\n\t\t\t\t\t\t<div class=\"elementor-element elementor-element-fc32753 elementor-widget elementor-widget-text-editor\" data-id=\"fc32753\" data-element_type=\"widget\" data-e-type=\"widget\" data-widget_type=\"text-editor.default\">\n\t\t\t\t<div class=\"elementor-widget-container\">\n\t\t\t\t\t\t\t\t\t<p>Maquinaria especializada para la limpieza profunda de grandes superficies, incluyendo barredoras y fregadoras industriales dise\u00f1adas para eliminar residuos s\u00f3lidos o l\u00edquidos en bodegas, plantas y naves industriales.<\/p>\t\t\t\t\t\t\t\t<\/div>\n\t\t\t\t<\/div>\n\t\t\t\t\t<\/div>\n\t\t<\/div>\n\t\t\t\t\t<\/div>\n\t\t<\/section>\n\t\t\t\t<section class=\"elementor-section elementor-top-section elementor-element elementor-element-66bd288 elementor-section-boxed elementor-section-height-default elementor-section-height-default\" data-id=\"66bd288\" data-element_type=\"section\" data-e-type=\"section\">\n\t\t\t\t\t\t<div class=\"elementor-container elementor-column-gap-default\">\n\t\t\t\t\t<div class=\"elementor-column elementor-col-100 elementor-top-column elementor-element elementor-element-ddf7cbc\" data-id=\"ddf7cbc\" data-element_type=\"column\" data-e-type=\"column\">\n\t\t\t<div class=\"elementor-widget-wrap elementor-element-populated\">\n\t\t\t\t\t\t<div class=\"elementor-element elementor-element-9eb3f75 elementor-widget elementor-widget-accordion\" data-id=\"9eb3f75\" data-element_type=\"widget\" data-e-type=\"widget\" data-widget_type=\"accordion.default\">\n\t\t\t\t<div class=\"elementor-widget-container\">\n\t\t\t\t\t\t\t<div class=\"elementor-accordion\">\n\t\t\t\t\t\t\t<div class=\"elementor-accordion-item\">\n\t\t\t\t\t<div id=\"elementor-tab-title-1661\" class=\"elementor-tab-title\" data-tab=\"1\" role=\"button\" aria-controls=\"elementor-tab-content-1661\" aria-expanded=\"false\">\n\t\t\t\t\t\t\t\t\t\t\t\t\t<span class=\"elementor-accordion-icon elementor-accordion-icon-left\" aria-hidden=\"true\">\n\t\t\t\t\t\t\t\t\t\t\t\t\t\t\t<span class=\"elementor-accordion-icon-closed\"><i class=\"fas fa-plus\"><\/i><\/span>\n\t\t\t\t\t\t\t\t<span class=\"elementor-accordion-icon-opened\"><i class=\"fas fa-minus\"><\/i><\/span>\n\t\t\t\t\t\t\t\t\t\t\t\t\t\t<\/span>\n\t\t\t\t\t\t\t\t\t\t\t\t<a class=\"elementor-accordion-title\" tabindex=\"0\">\u00bfD\u00f3nde puedo arrendar m\u00e1quinas de aseo industrial en Chile?<\/a>\n\t\t\t\t\t<\/div>\n\t\t\t\t\t<div id=\"elementor-tab-content-1661\" class=\"elementor-tab-content elementor-clearfix\" data-tab=\"1\" role=\"region\" aria-labelledby=\"elementor-tab-title-1661\"><p><span data-sheets-root=\"1\">En ArriendaTuM\u00e1quina, gestionamos el arriendo de maquinaria de aseo industrial en todo Chile, ofreciendo una soluci\u00f3n eficiente para empresas que necesitan mantener est\u00e1ndares de higiene y seguridad sin incurrir en los altos costos de compra y mantenimiento.<\/span><\/p><\/div>\n\t\t\t\t<\/div>\n\t\t\t\t\t\t\t<div class=\"elementor-accordion-item\">\n\t\t\t\t\t<div id=\"elementor-tab-title-1662\" class=\"elementor-tab-title\" data-tab=\"2\" role=\"button\" aria-controls=\"elementor-tab-content-1662\" aria-expanded=\"false\">\n\t\t\t\t\t\t\t\t\t\t\t\t\t<span class=\"elementor-accordion-icon elementor-accordion-icon-left\" aria-hidden=\"true\">\n\t\t\t\t\t\t\t\t\t\t\t\t\t\t\t<span class=\"elementor-accordion-icon-closed\"><i class=\"fas fa-plus\"><\/i><\/span>\n\t\t\t\t\t\t\t\t<span class=\"elementor-accordion-icon-opened\"><i class=\"fas fa-minus\"><\/i><\/span>\n\t\t\t\t\t\t\t\t\t\t\t\t\t\t<\/span>\n\t\t\t\t\t\t\t\t\t\t\t\t<a class=\"elementor-accordion-title\" tabindex=\"0\">\u00bfQu\u00e9 tipos de m\u00e1quinas de aseo industrial se pueden arrendar?<\/a>\n\t\t\t\t\t<\/div>\n\t\t\t\t\t<div id=\"elementor-tab-content-1662\" class=\"elementor-tab-content elementor-clearfix\" data-tab=\"2\" role=\"region\" aria-labelledby=\"elementor-tab-title-1662\"><p><span data-sheets-root=\"1\">En ArriendaTuM\u00e1quina, gestionamos una amplia gama de maquinaria de aseo industrial dise\u00f1ada para enfrentar los desaf\u00edos de limpieza en bodegas, plantas productivas, centros log\u00edsticos y obras civiles.<br \/>Gracias a nuestra red de m\u00e1s de 350 proveedores en todo Chile, podemos entregarte el equipo que mejor se adapte a tu superficie y tipo de residuo.<\/span><\/p><\/div>\n\t\t\t\t<\/div>\n\t\t\t\t\t\t\t<div class=\"elementor-accordion-item\">\n\t\t\t\t\t<div id=\"elementor-tab-title-1663\" class=\"elementor-tab-title\" data-tab=\"3\" role=\"button\" aria-controls=\"elementor-tab-content-1663\" aria-expanded=\"false\">\n\t\t\t\t\t\t\t\t\t\t\t\t\t<span class=\"elementor-accordion-icon elementor-accordion-icon-left\" aria-hidden=\"true\">\n\t\t\t\t\t\t\t\t\t\t\t\t\t\t\t<span class=\"elementor-accordion-icon-closed\"><i class=\"fas fa-plus\"><\/i><\/span>\n\t\t\t\t\t\t\t\t<span class=\"elementor-accordion-icon-opened\"><i class=\"fas fa-minus\"><\/i><\/span>\n\t\t\t\t\t\t\t\t\t\t\t\t\t\t<\/span>\n\t\t\t\t\t\t\t\t\t\t\t\t<a class=\"elementor-accordion-title\" tabindex=\"0\">\u00bfD\u00f3nde encontrar m\u00e1quinas barredoras industriales en arriendo?<\/a>\n\t\t\t\t\t<\/div>\n\t\t\t\t\t<div id=\"elementor-tab-content-1663\" class=\"elementor-tab-content elementor-clearfix\" data-tab=\"3\" role=\"region\" aria-labelledby=\"elementor-tab-title-1663\"><p><span data-sheets-root=\"1\">En ArriendaTuM\u00e1quina, puedes encontrar y gestionar el arriendo de m\u00e1quinas barredoras industriales para cualquier punto de Chile de manera centralizada.<\/span><\/p><\/div>\n\t\t\t\t<\/div>\n\t\t\t\t\t\t\t<div class=\"elementor-accordion-item\">\n\t\t\t\t\t<div id=\"elementor-tab-title-1664\" class=\"elementor-tab-title\" data-tab=\"4\" role=\"button\" aria-controls=\"elementor-tab-content-1664\" aria-expanded=\"false\">\n\t\t\t\t\t\t\t\t\t\t\t\t\t<span class=\"elementor-accordion-icon elementor-accordion-icon-left\" aria-hidden=\"true\">\n\t\t\t\t\t\t\t\t\t\t\t\t\t\t\t<span class=\"elementor-accordion-icon-closed\"><i class=\"fas fa-plus\"><\/i><\/span>\n\t\t\t\t\t\t\t\t<span class=\"elementor-accordion-icon-opened\"><i class=\"fas fa-minus\"><\/i><\/span>\n\t\t\t\t\t\t\t\t\t\t\t\t\t\t<\/span>\n\t\t\t\t\t\t\t\t\t\t\t\t<a class=\"elementor-accordion-title\" tabindex=\"0\">\u00bfEs posible arrendar m\u00e1quinas de aseo industrial para uso temporal?<\/a>\n\t\t\t\t\t<\/div>\n\t\t\t\t\t<div id=\"elementor-tab-content-1664\" class=\"elementor-tab-content elementor-clearfix\" data-tab=\"4\" role=\"region\" aria-labelledby=\"elementor-tab-title-1664\"><p><span data-sheets-root=\"1\">En ArriendaTuM\u00e1quina, gestionamos el arriendo de maquinaria de aseo industrial para necesidades temporales, estableciendo un periodo m\u00ednimo de arriendo de un mes.<\/span><\/p><\/div>\n\t\t\t\t<\/div>\n\t\t\t\t\t\t\t<div class=\"elementor-accordion-item\">\n\t\t\t\t\t<div id=\"elementor-tab-title-1665\" class=\"elementor-tab-title\" data-tab=\"5\" role=\"button\" aria-controls=\"elementor-tab-content-1665\" aria-expanded=\"false\">\n\t\t\t\t\t\t\t\t\t\t\t\t\t<span class=\"elementor-accordion-icon elementor-accordion-icon-left\" aria-hidden=\"true\">\n\t\t\t\t\t\t\t\t\t\t\t\t\t\t\t<span class=\"elementor-accordion-icon-closed\"><i class=\"fas fa-plus\"><\/i><\/span>\n\t\t\t\t\t\t\t\t<span class=\"elementor-accordion-icon-opened\"><i class=\"fas fa-minus\"><\/i><\/span>\n\t\t\t\t\t\t\t\t\t\t\t\t\t\t<\/span>\n\t\t\t\t\t\t\t\t\t\t\t\t<a class=\"elementor-accordion-title\" tabindex=\"0\">\u00bfD\u00f3nde conseguir arriendo de m\u00e1quinas fregadoras para limpieza industrial?<\/a>\n\t\t\t\t\t<\/div>\n\t\t\t\t\t<div id=\"elementor-tab-content-1665\" class=\"elementor-tab-content elementor-clearfix\" data-tab=\"5\" role=\"region\" aria-labelledby=\"elementor-tab-title-1665\"><p><span data-sheets-root=\"1\">En ArriendaTuM\u00e1quina, puedes gestionar el arriendo de m\u00e1quinas fregadoras para limpieza industrial de manera centralizada en todo Chile.<\/span><\/p><\/div>\n\t\t\t\t<\/div>\n\t\t\t\t\t\t\t<div class=\"elementor-accordion-item\">\n\t\t\t\t\t<div id=\"elementor-tab-title-1666\" class=\"elementor-tab-title\" data-tab=\"6\" role=\"button\" aria-controls=\"elementor-tab-content-1666\" aria-expanded=\"false\">\n\t\t\t\t\t\t\t\t\t\t\t\t\t<span class=\"elementor-accordion-icon elementor-accordion-icon-left\" aria-hidden=\"true\">\n\t\t\t\t\t\t\t\t\t\t\t\t\t\t\t<span class=\"elementor-accordion-icon-closed\"><i class=\"fas fa-plus\"><\/i><\/span>\n\t\t\t\t\t\t\t\t<span class=\"elementor-accordion-icon-opened\"><i class=\"fas fa-minus\"><\/i><\/span>\n\t\t\t\t\t\t\t\t\t\t\t\t\t\t<\/span>\n\t\t\t\t\t\t\t\t\t\t\t\t<a class=\"elementor-accordion-title\" tabindex=\"0\">\u00bfD\u00f3nde buscar promociones o descuentos en arriendo de m\u00e1quinas de aseo industrial?<\/a>\n\t\t\t\t\t<\/div>\n\t\t\t\t\t<div id=\"elementor-tab-content-1666\" class=\"elementor-tab-content elementor-clearfix\" data-tab=\"6\" role=\"region\" aria-labelledby=\"elementor-tab-title-1666\"><p><span data-sheets-root=\"1\">En ArriendaTuM\u00e1quina, la mejor forma de obtener &#8220;promociones&#8221; o tarifas reducidas no es a trav\u00e9s de cupones temporales, sino mediante nuestro modelo de descuentos progresivos. Mientras m\u00e1s dure el arriendo, m\u00e1s econ\u00f3mico saldr\u00e1.<\/span><\/p><\/div>\n\t\t\t\t<\/div>\n\t\t\t\t\t\t\t<div class=\"elementor-accordion-item\">\n\t\t\t\t\t<div id=\"elementor-tab-title-1667\" class=\"elementor-tab-title\" data-tab=\"7\" role=\"button\" aria-controls=\"elementor-tab-content-1667\" aria-expanded=\"false\">\n\t\t\t\t\t\t\t\t\t\t\t\t\t<span class=\"elementor-accordion-icon elementor-accordion-icon-left\" aria-hidden=\"true\">\n\t\t\t\t\t\t\t\t\t\t\t\t\t\t\t<span class=\"elementor-accordion-icon-closed\"><i class=\"fas fa-plus\"><\/i><\/span>\n\t\t\t\t\t\t\t\t<span class=\"elementor-accordion-icon-opened\"><i class=\"fas fa-minus\"><\/i><\/span>\n\t\t\t\t\t\t\t\t\t\t\t\t\t\t<\/span>\n\t\t\t\t\t\t\t\t\t\t\t\t<a class=\"elementor-accordion-title\" tabindex=\"0\">\u00bfD\u00f3nde arrendar m\u00e1quinas de limpieza industrial con entrega a domicilio?<\/a>\n\t\t\t\t\t<\/div>\n\t\t\t\t\t<div id=\"elementor-tab-content-1667\" class=\"elementor-tab-content elementor-clearfix\" data-tab=\"7\" role=\"region\" aria-labelledby=\"elementor-tab-title-1667\"><p><span data-sheets-root=\"1\">En ArriendaTuM\u00e1quina, hemos digitalizado y optimizado el proceso para que puedas gestionar el arriendo de maquinaria de limpieza industrial con entrega directa en tu bodega o faena en cualquier punto de Chile.<\/span><\/p><\/div>\n\t\t\t\t<\/div>\n\t\t\t\t\t\t\t<div class=\"elementor-accordion-item\">\n\t\t\t\t\t<div id=\"elementor-tab-title-1668\" class=\"elementor-tab-title\" data-tab=\"8\" role=\"button\" aria-controls=\"elementor-tab-content-1668\" aria-expanded=\"false\">\n\t\t\t\t\t\t\t\t\t\t\t\t\t<span class=\"elementor-accordion-icon elementor-accordion-icon-left\" aria-hidden=\"true\">\n\t\t\t\t\t\t\t\t\t\t\t\t\t\t\t<span class=\"elementor-accordion-icon-closed\"><i class=\"fas fa-plus\"><\/i><\/span>\n\t\t\t\t\t\t\t\t<span class=\"elementor-accordion-icon-opened\"><i class=\"fas fa-minus\"><\/i><\/span>\n\t\t\t\t\t\t\t\t\t\t\t\t\t\t<\/span>\n\t\t\t\t\t\t\t\t\t\t\t\t<a class=\"elementor-accordion-title\" tabindex=\"0\">\u00bfD\u00f3nde arrendar m\u00e1quinas de limpieza industrial con garant\u00eda de funcionamiento?<\/a>\n\t\t\t\t\t<\/div>\n\t\t\t\t\t<div id=\"elementor-tab-content-1668\" class=\"elementor-tab-content elementor-clearfix\" data-tab=\"8\" role=\"region\" aria-labelledby=\"elementor-tab-title-1668\"><p><span data-sheets-root=\"1\">En ArriendaTuM\u00e1quina, la garant\u00eda de funcionamiento no es solo una promesa, sino una parte estructural de nuestro contrato.<br \/>Aparte de entregarles la m\u00e1quina, nos hacemos responsables de su operatividad continua durante todo el periodo de arriendo.<\/span><\/p><\/div>\n\t\t\t\t<\/div>\n\t\t\t\t\t\t\t<div class=\"elementor-accordion-item\">\n\t\t\t\t\t<div id=\"elementor-tab-title-1669\" class=\"elementor-tab-title\" data-tab=\"9\" role=\"button\" aria-controls=\"elementor-tab-content-1669\" aria-expanded=\"false\">\n\t\t\t\t\t\t\t\t\t\t\t\t\t<span class=\"elementor-accordion-icon elementor-accordion-icon-left\" aria-hidden=\"true\">\n\t\t\t\t\t\t\t\t\t\t\t\t\t\t\t<span class=\"elementor-accordion-icon-closed\"><i class=\"fas fa-plus\"><\/i><\/span>\n\t\t\t\t\t\t\t\t<span class=\"elementor-accordion-icon-opened\"><i class=\"fas fa-minus\"><\/i><\/span>\n\t\t\t\t\t\t\t\t\t\t\t\t\t\t<\/span>\n\t\t\t\t\t\t\t\t\t\t\t\t<a class=\"elementor-accordion-title\" tabindex=\"0\">\u00bfD\u00f3nde puedo arrendar m\u00e1quinas de limpieza industrial con soporte t\u00e9cnico 24\/7?<\/a>\n\t\t\t\t\t<\/div>\n\t\t\t\t\t<div id=\"elementor-tab-content-1669\" class=\"elementor-tab-content elementor-clearfix\" data-tab=\"9\" role=\"region\" aria-labelledby=\"elementor-tab-title-1669\"><p><span data-sheets-root=\"1\">En ArriendaTuM\u00e1quina, el soporte t\u00e9cnico 24\/7 es un pilar fundamental de nuestro servicio para garantizar que la limpieza y sanitizaci\u00f3n de tus instalaciones no se detenga. Con el respaldo de 25 a\u00f1os de trayectoria, entendemos que muchas operaciones industriales y log\u00edsticas funcionan en turnos nocturnos o continuos, por lo que nuestro compromiso es la continuidad operativa total.<\/span><\/p><\/div>\n\t\t\t\t<\/div>\n\t\t\t\t\t\t\t<div class=\"elementor-accordion-item\">\n\t\t\t\t\t<div id=\"elementor-tab-title-16610\" class=\"elementor-tab-title\" data-tab=\"10\" role=\"button\" aria-controls=\"elementor-tab-content-16610\" aria-expanded=\"false\">\n\t\t\t\t\t\t\t\t\t\t\t\t\t<span class=\"elementor-accordion-icon elementor-accordion-icon-left\" aria-hidden=\"true\">\n\t\t\t\t\t\t\t\t\t\t\t\t\t\t\t<span class=\"elementor-accordion-icon-closed\"><i class=\"fas fa-plus\"><\/i><\/span>\n\t\t\t\t\t\t\t\t<span class=\"elementor-accordion-icon-opened\"><i class=\"fas fa-minus\"><\/i><\/span>\n\t\t\t\t\t\t\t\t\t\t\t\t\t\t<\/span>\n\t\t\t\t\t\t\t\t\t\t\t\t<a class=\"elementor-accordion-title\" tabindex=\"0\">\u00bfD\u00f3nde puedo comparar diferentes modelos de m\u00e1quinas de aseo industrial para arrendar?<\/a>\n\t\t\t\t\t<\/div>\n\t\t\t\t\t<div id=\"elementor-tab-content-16610\" class=\"elementor-tab-content elementor-clearfix\" data-tab=\"10\" role=\"region\" aria-labelledby=\"elementor-tab-title-16610\"><p><span data-sheets-root=\"1\">En ArriendaTuM\u00e1quina, te ofrecemos la plataforma ideal para comparar y gestionar el arriendo de diversos modelos de maquinaria de aseo industrial de manera centralizada. Gracias a nuestra red de m\u00e1s de 350 proveedores, no tienes que consultar cat\u00e1logo por cat\u00e1logo; nosotros consolidamos las mejores opciones t\u00e9cnicas del mercado para que elijas la que mejor se adapte a tu superficie y tipo de residuo.<\/span><\/p><\/div>\n\t\t\t\t<\/div>\n\t\t\t\t\t\t\t\t<\/div>\n\t\t\t\t\t\t<\/div>\n\t\t\t\t<\/div>\n\t\t\t\t\t<\/div>\n\t\t<\/div>\n\t\t\t\t\t<\/div>\n\t\t<\/section>\n\t\t\t\t<\/div>\n\t\t","protected":false},"excerpt":{"rendered":"<p>Preguntas frecuentes sobre arriendo de Equipos de Generaci\u00f3n, Iluminaci\u00f3n, Compresores y Aseo Industrial Todo lo que quieres saber sobre arriendo de Equipos de Generaci\u00f3n, Iluminaci\u00f3n, Compresores y Aseo Industrial y no sab\u00edas donde buscar, basado en las preguntas que nos hacen los clientes y usuarios del portal. Responde: Frank Sch\u00fcrch, Gerente General, socio Fundador y [&hellip;]<\/p>\n","protected":false},"author":7,"featured_media":5485,"parent":0,"menu_order":0,"comment_status":"closed","ping_status":"closed","template":"","meta":{"_acf_changed":false,"footnotes":""},"class_list":["post-5416","page","type-page","status-publish","has-post-thumbnail","hentry"],"acf":[],"yoast_head":"<!-- This site is optimized with the Yoast SEO plugin v27.9 - https:\/\/yoast.com\/product\/yoast-seo-wordpress\/ -->\n<title>Preguntas y Respuestas sobre arriendo de Equipos de Generaci\u00f3n, Iluminaci\u00f3n, Compresores y Aseo Industrial | GrupoTusMaquinas<\/title>\n<meta name=\"description\" content=\"Todo lo que quieres saber sobre arriendo de Equipos de Generaci\u00f3n, Iluminaci\u00f3n, Compresores y Aseo Industrial y no sab\u00edas donde buscar.\" \/>\n<meta name=\"robots\" content=\"index, follow, max-snippet:-1, max-image-preview:large, max-video-preview:-1\" \/>\n<link rel=\"canonical\" href=\"https:\/\/blog.grupotusmaquinas.com\/preguntas-y-respuestas-sobre-arriendo-de-equipos-de-generacion-iluminacion-compresores-y-aseo-industrial\/\" \/>\n<meta property=\"og:locale\" content=\"es_ES\" \/>\n<meta property=\"og:type\" content=\"article\" \/>\n<meta property=\"og:title\" content=\"Preguntas y Respuestas sobre arriendo de Equipos de Generaci\u00f3n, Iluminaci\u00f3n, Compresores y Aseo Industrial | GrupoTusMaquinas\" \/>\n<meta property=\"og:description\" content=\"Todo lo que quieres saber sobre arriendo de Equipos de Generaci\u00f3n, Iluminaci\u00f3n, Compresores y Aseo Industrial y no sab\u00edas donde buscar.\" \/>\n<meta property=\"og:url\" content=\"https:\/\/blog.grupotusmaquinas.com\/preguntas-y-respuestas-sobre-arriendo-de-equipos-de-generacion-iluminacion-compresores-y-aseo-industrial\/\" \/>\n<meta property=\"og:site_name\" content=\"GrupoTusMaquinas\" \/>\n<meta property=\"article:modified_time\" content=\"2026-02-18T13:17:39+00:00\" \/>\n<meta property=\"og:image\" content=\"https:\/\/blog.grupotusmaquinas.com\/wp-content\/uploads\/2026\/02\/2A-generadores-960x1200-generacion-copia-e1771420645758.jpg\" \/>\n\t<meta property=\"og:image:width\" content=\"948\" \/>\n\t<meta property=\"og:image:height\" content=\"822\" \/>\n\t<meta property=\"og:image:type\" content=\"image\/jpeg\" \/>\n<meta name=\"twitter:card\" content=\"summary_large_image\" \/>\n<meta name=\"twitter:label1\" content=\"Tiempo estimado de lectura\" \/>\n\t<meta name=\"twitter:data1\" content=\"16 minutos\" \/>\n<script type=\"application\/ld+json\" class=\"yoast-schema-graph\">{\"@context\":\"https:\\\/\\\/schema.org\",\"@graph\":[{\"@type\":\"TechArticle\",\"@id\":\"https:\\\/\\\/blog.grupotusmaquinas.com\\\/preguntas-y-respuestas-sobre-arriendo-de-equipos-de-generacion-iluminacion-compresores-y-aseo-industrial\\\/#article\",\"isPartOf\":{\"@id\":\"https:\\\/\\\/blog.grupotusmaquinas.com\\\/preguntas-y-respuestas-sobre-arriendo-de-equipos-de-generacion-iluminacion-compresores-y-aseo-industrial\\\/\"},\"author\":{\"name\":\"Javiera Carrasco\",\"@id\":\"https:\\\/\\\/blog.grupotusmaquinas.com\\\/#\\\/schema\\\/person\\\/36154d00ff10e1e820cc6e3764d8a345\"},\"headline\":\"Preguntas y Respuestas sobre arriendo de Equipos de Generaci\u00f3n, Iluminaci\u00f3n, Compresores y Aseo Industrial\",\"datePublished\":\"2026-02-12T17:59:02+00:00\",\"dateModified\":\"2026-02-18T13:17:39+00:00\",\"mainEntityOfPage\":{\"@id\":\"https:\\\/\\\/blog.grupotusmaquinas.com\\\/preguntas-y-respuestas-sobre-arriendo-de-equipos-de-generacion-iluminacion-compresores-y-aseo-industrial\\\/\"},\"wordCount\":3600,\"publisher\":{\"@id\":\"https:\\\/\\\/blog.grupotusmaquinas.com\\\/#organization\"},\"image\":{\"@id\":\"https:\\\/\\\/blog.grupotusmaquinas.com\\\/preguntas-y-respuestas-sobre-arriendo-de-equipos-de-generacion-iluminacion-compresores-y-aseo-industrial\\\/#primaryimage\"},\"thumbnailUrl\":\"https:\\\/\\\/blog.grupotusmaquinas.com\\\/wp-content\\\/uploads\\\/2026\\\/02\\\/2A-generadores-960x1200-generacion-copia-e1771420645758.jpg\",\"inLanguage\":\"es-CL\"},{\"@type\":[\"WebPage\",\"FAQPage\"],\"@id\":\"https:\\\/\\\/blog.grupotusmaquinas.com\\\/preguntas-y-respuestas-sobre-arriendo-de-equipos-de-generacion-iluminacion-compresores-y-aseo-industrial\\\/\",\"url\":\"https:\\\/\\\/blog.grupotusmaquinas.com\\\/preguntas-y-respuestas-sobre-arriendo-de-equipos-de-generacion-iluminacion-compresores-y-aseo-industrial\\\/\",\"name\":\"Preguntas y Respuestas sobre arriendo de Equipos de Generaci\u00f3n, Iluminaci\u00f3n, Compresores y Aseo Industrial | GrupoTusMaquinas\",\"isPartOf\":{\"@id\":\"https:\\\/\\\/blog.grupotusmaquinas.com\\\/#website\"},\"primaryImageOfPage\":{\"@id\":\"https:\\\/\\\/blog.grupotusmaquinas.com\\\/preguntas-y-respuestas-sobre-arriendo-de-equipos-de-generacion-iluminacion-compresores-y-aseo-industrial\\\/#primaryimage\"},\"image\":{\"@id\":\"https:\\\/\\\/blog.grupotusmaquinas.com\\\/preguntas-y-respuestas-sobre-arriendo-de-equipos-de-generacion-iluminacion-compresores-y-aseo-industrial\\\/#primaryimage\"},\"thumbnailUrl\":\"https:\\\/\\\/blog.grupotusmaquinas.com\\\/wp-content\\\/uploads\\\/2026\\\/02\\\/2A-generadores-960x1200-generacion-copia-e1771420645758.jpg\",\"datePublished\":\"2026-02-12T17:59:02+00:00\",\"dateModified\":\"2026-02-18T13:17:39+00:00\",\"description\":\"Todo lo que quieres saber sobre arriendo de Equipos de Generaci\u00f3n, Iluminaci\u00f3n, Compresores y Aseo Industrial y no sab\u00edas donde buscar.\",\"breadcrumb\":{\"@id\":\"https:\\\/\\\/blog.grupotusmaquinas.com\\\/preguntas-y-respuestas-sobre-arriendo-de-equipos-de-generacion-iluminacion-compresores-y-aseo-industrial\\\/#breadcrumb\"},\"inLanguage\":\"es-CL\",\"potentialAction\":[{\"@type\":\"ReadAction\",\"target\":[\"https:\\\/\\\/blog.grupotusmaquinas.com\\\/preguntas-y-respuestas-sobre-arriendo-de-equipos-de-generacion-iluminacion-compresores-y-aseo-industrial\\\/\"]}]},{\"@type\":\"ImageObject\",\"inLanguage\":\"es-CL\",\"@id\":\"https:\\\/\\\/blog.grupotusmaquinas.com\\\/preguntas-y-respuestas-sobre-arriendo-de-equipos-de-generacion-iluminacion-compresores-y-aseo-industrial\\\/#primaryimage\",\"url\":\"https:\\\/\\\/blog.grupotusmaquinas.com\\\/wp-content\\\/uploads\\\/2026\\\/02\\\/2A-generadores-960x1200-generacion-copia-e1771420645758.jpg\",\"contentUrl\":\"https:\\\/\\\/blog.grupotusmaquinas.com\\\/wp-content\\\/uploads\\\/2026\\\/02\\\/2A-generadores-960x1200-generacion-copia-e1771420645758.jpg\",\"width\":948,\"height\":822},{\"@type\":\"BreadcrumbList\",\"@id\":\"https:\\\/\\\/blog.grupotusmaquinas.com\\\/preguntas-y-respuestas-sobre-arriendo-de-equipos-de-generacion-iluminacion-compresores-y-aseo-industrial\\\/#breadcrumb\",\"itemListElement\":[{\"@type\":\"ListItem\",\"position\":1,\"name\":\"Home\",\"item\":\"https:\\\/\\\/blog.grupotusmaquinas.com\\\/\"},{\"@type\":\"ListItem\",\"position\":2,\"name\":\"Preguntas y Respuestas sobre arriendo de Equipos de Generaci\u00f3n, Iluminaci\u00f3n, Compresores y Aseo Industrial\"}]},{\"@type\":\"WebSite\",\"@id\":\"https:\\\/\\\/blog.grupotusmaquinas.com\\\/#website\",\"url\":\"https:\\\/\\\/blog.grupotusmaquinas.com\\\/\",\"name\":\"GrupoTusMaquinas\",\"description\":\"Blog de GrupoTusMaquinas\",\"publisher\":{\"@id\":\"https:\\\/\\\/blog.grupotusmaquinas.com\\\/#organization\"},\"potentialAction\":[{\"@type\":\"SearchAction\",\"target\":{\"@type\":\"EntryPoint\",\"urlTemplate\":\"https:\\\/\\\/blog.grupotusmaquinas.com\\\/?s={search_term_string}\"},\"query-input\":{\"@type\":\"PropertyValueSpecification\",\"valueRequired\":true,\"valueName\":\"search_term_string\"}}],\"inLanguage\":\"es-CL\"},{\"@type\":\"Organization\",\"@id\":\"https:\\\/\\\/blog.grupotusmaquinas.com\\\/#organization\",\"name\":\"Blog GrupoTusMaquinas\",\"url\":\"https:\\\/\\\/blog.grupotusmaquinas.com\\\/\",\"logo\":{\"@type\":\"ImageObject\",\"inLanguage\":\"es-CL\",\"@id\":\"https:\\\/\\\/blog.grupotusmaquinas.com\\\/#\\\/schema\\\/logo\\\/image\\\/\",\"url\":\"http:\\\/\\\/34.176.199.145\\\/wp-content\\\/uploads\\\/2022\\\/07\\\/Recurso-2.png\",\"contentUrl\":\"http:\\\/\\\/34.176.199.145\\\/wp-content\\\/uploads\\\/2022\\\/07\\\/Recurso-2.png\",\"width\":606,\"height\":129,\"caption\":\"Blog GrupoTusMaquinas\"},\"image\":{\"@id\":\"https:\\\/\\\/blog.grupotusmaquinas.com\\\/#\\\/schema\\\/logo\\\/image\\\/\"}},{\"@type\":\"Person\",\"@id\":\"https:\\\/\\\/blog.grupotusmaquinas.com\\\/#\\\/schema\\\/person\\\/36154d00ff10e1e820cc6e3764d8a345\",\"name\":\"Javiera Carrasco\",\"image\":{\"@type\":\"ImageObject\",\"inLanguage\":\"es-CL\",\"@id\":\"https:\\\/\\\/secure.gravatar.com\\\/avatar\\\/d1e6592d073215e6f46e17b273f873f227b3160d2b12d5c28e9ee1144dcbdac4?s=96&d=mm&r=g\",\"url\":\"https:\\\/\\\/secure.gravatar.com\\\/avatar\\\/d1e6592d073215e6f46e17b273f873f227b3160d2b12d5c28e9ee1144dcbdac4?s=96&d=mm&r=g\",\"contentUrl\":\"https:\\\/\\\/secure.gravatar.com\\\/avatar\\\/d1e6592d073215e6f46e17b273f873f227b3160d2b12d5c28e9ee1144dcbdac4?s=96&d=mm&r=g\",\"caption\":\"Javiera Carrasco\"},\"url\":\"https:\\\/\\\/blog.grupotusmaquinas.com\\\/author\\\/javiera\\\/\"}]}<\/script>\n<!-- \/ Yoast SEO plugin. -->","yoast_head_json":{"title":"Preguntas y Respuestas sobre arriendo de Equipos de Generaci\u00f3n, Iluminaci\u00f3n, Compresores y Aseo Industrial | GrupoTusMaquinas","description":"Todo lo que quieres saber sobre arriendo de Equipos de Generaci\u00f3n, Iluminaci\u00f3n, Compresores y Aseo Industrial y no sab\u00edas donde buscar.","robots":{"index":"index","follow":"follow","max-snippet":"max-snippet:-1","max-image-preview":"max-image-preview:large","max-video-preview":"max-video-preview:-1"},"canonical":"https:\/\/blog.grupotusmaquinas.com\/preguntas-y-respuestas-sobre-arriendo-de-equipos-de-generacion-iluminacion-compresores-y-aseo-industrial\/","og_locale":"es_ES","og_type":"article","og_title":"Preguntas y Respuestas sobre arriendo de Equipos de Generaci\u00f3n, Iluminaci\u00f3n, Compresores y Aseo Industrial | GrupoTusMaquinas","og_description":"Todo lo que quieres saber sobre arriendo de Equipos de Generaci\u00f3n, Iluminaci\u00f3n, Compresores y Aseo Industrial y no sab\u00edas donde buscar.","og_url":"https:\/\/blog.grupotusmaquinas.com\/preguntas-y-respuestas-sobre-arriendo-de-equipos-de-generacion-iluminacion-compresores-y-aseo-industrial\/","og_site_name":"GrupoTusMaquinas","article_modified_time":"2026-02-18T13:17:39+00:00","og_image":[{"width":948,"height":822,"url":"https:\/\/blog.grupotusmaquinas.com\/wp-content\/uploads\/2026\/02\/2A-generadores-960x1200-generacion-copia-e1771420645758.jpg","type":"image\/jpeg"}],"twitter_card":"summary_large_image","twitter_misc":{"Tiempo estimado de lectura":"16 minutos"},"schema":{"@context":"https:\/\/schema.org","@graph":[{"@type":"TechArticle","@id":"https:\/\/blog.grupotusmaquinas.com\/preguntas-y-respuestas-sobre-arriendo-de-equipos-de-generacion-iluminacion-compresores-y-aseo-industrial\/#article","isPartOf":{"@id":"https:\/\/blog.grupotusmaquinas.com\/preguntas-y-respuestas-sobre-arriendo-de-equipos-de-generacion-iluminacion-compresores-y-aseo-industrial\/"},"author":{"name":"Javiera Carrasco","@id":"https:\/\/blog.grupotusmaquinas.com\/#\/schema\/person\/36154d00ff10e1e820cc6e3764d8a345"},"headline":"Preguntas y Respuestas sobre arriendo de Equipos de Generaci\u00f3n, Iluminaci\u00f3n, Compresores y Aseo Industrial","datePublished":"2026-02-12T17:59:02+00:00","dateModified":"2026-02-18T13:17:39+00:00","mainEntityOfPage":{"@id":"https:\/\/blog.grupotusmaquinas.com\/preguntas-y-respuestas-sobre-arriendo-de-equipos-de-generacion-iluminacion-compresores-y-aseo-industrial\/"},"wordCount":3600,"publisher":{"@id":"https:\/\/blog.grupotusmaquinas.com\/#organization"},"image":{"@id":"https:\/\/blog.grupotusmaquinas.com\/preguntas-y-respuestas-sobre-arriendo-de-equipos-de-generacion-iluminacion-compresores-y-aseo-industrial\/#primaryimage"},"thumbnailUrl":"https:\/\/blog.grupotusmaquinas.com\/wp-content\/uploads\/2026\/02\/2A-generadores-960x1200-generacion-copia-e1771420645758.jpg","inLanguage":"es-CL"},{"@type":["WebPage","FAQPage"],"@id":"https:\/\/blog.grupotusmaquinas.com\/preguntas-y-respuestas-sobre-arriendo-de-equipos-de-generacion-iluminacion-compresores-y-aseo-industrial\/","url":"https:\/\/blog.grupotusmaquinas.com\/preguntas-y-respuestas-sobre-arriendo-de-equipos-de-generacion-iluminacion-compresores-y-aseo-industrial\/","name":"Preguntas y Respuestas sobre arriendo de Equipos de Generaci\u00f3n, Iluminaci\u00f3n, Compresores y Aseo Industrial | GrupoTusMaquinas","isPartOf":{"@id":"https:\/\/blog.grupotusmaquinas.com\/#website"},"primaryImageOfPage":{"@id":"https:\/\/blog.grupotusmaquinas.com\/preguntas-y-respuestas-sobre-arriendo-de-equipos-de-generacion-iluminacion-compresores-y-aseo-industrial\/#primaryimage"},"image":{"@id":"https:\/\/blog.grupotusmaquinas.com\/preguntas-y-respuestas-sobre-arriendo-de-equipos-de-generacion-iluminacion-compresores-y-aseo-industrial\/#primaryimage"},"thumbnailUrl":"https:\/\/blog.grupotusmaquinas.com\/wp-content\/uploads\/2026\/02\/2A-generadores-960x1200-generacion-copia-e1771420645758.jpg","datePublished":"2026-02-12T17:59:02+00:00","dateModified":"2026-02-18T13:17:39+00:00","description":"Todo lo que quieres saber sobre arriendo de Equipos de Generaci\u00f3n, Iluminaci\u00f3n, Compresores y Aseo Industrial y no sab\u00edas donde buscar.","breadcrumb":{"@id":"https:\/\/blog.grupotusmaquinas.com\/preguntas-y-respuestas-sobre-arriendo-de-equipos-de-generacion-iluminacion-compresores-y-aseo-industrial\/#breadcrumb"},"inLanguage":"es-CL","potentialAction":[{"@type":"ReadAction","target":["https:\/\/blog.grupotusmaquinas.com\/preguntas-y-respuestas-sobre-arriendo-de-equipos-de-generacion-iluminacion-compresores-y-aseo-industrial\/"]}]},{"@type":"ImageObject","inLanguage":"es-CL","@id":"https:\/\/blog.grupotusmaquinas.com\/preguntas-y-respuestas-sobre-arriendo-de-equipos-de-generacion-iluminacion-compresores-y-aseo-industrial\/#primaryimage","url":"https:\/\/blog.grupotusmaquinas.com\/wp-content\/uploads\/2026\/02\/2A-generadores-960x1200-generacion-copia-e1771420645758.jpg","contentUrl":"https:\/\/blog.grupotusmaquinas.com\/wp-content\/uploads\/2026\/02\/2A-generadores-960x1200-generacion-copia-e1771420645758.jpg","width":948,"height":822},{"@type":"BreadcrumbList","@id":"https:\/\/blog.grupotusmaquinas.com\/preguntas-y-respuestas-sobre-arriendo-de-equipos-de-generacion-iluminacion-compresores-y-aseo-industrial\/#breadcrumb","itemListElement":[{"@type":"ListItem","position":1,"name":"Home","item":"https:\/\/blog.grupotusmaquinas.com\/"},{"@type":"ListItem","position":2,"name":"Preguntas y Respuestas sobre arriendo de Equipos de Generaci\u00f3n, Iluminaci\u00f3n, Compresores y Aseo Industrial"}]},{"@type":"WebSite","@id":"https:\/\/blog.grupotusmaquinas.com\/#website","url":"https:\/\/blog.grupotusmaquinas.com\/","name":"GrupoTusMaquinas","description":"Blog de GrupoTusMaquinas","publisher":{"@id":"https:\/\/blog.grupotusmaquinas.com\/#organization"},"potentialAction":[{"@type":"SearchAction","target":{"@type":"EntryPoint","urlTemplate":"https:\/\/blog.grupotusmaquinas.com\/?s={search_term_string}"},"query-input":{"@type":"PropertyValueSpecification","valueRequired":true,"valueName":"search_term_string"}}],"inLanguage":"es-CL"},{"@type":"Organization","@id":"https:\/\/blog.grupotusmaquinas.com\/#organization","name":"Blog GrupoTusMaquinas","url":"https:\/\/blog.grupotusmaquinas.com\/","logo":{"@type":"ImageObject","inLanguage":"es-CL","@id":"https:\/\/blog.grupotusmaquinas.com\/#\/schema\/logo\/image\/","url":"http:\/\/34.176.199.145\/wp-content\/uploads\/2022\/07\/Recurso-2.png","contentUrl":"http:\/\/34.176.199.145\/wp-content\/uploads\/2022\/07\/Recurso-2.png","width":606,"height":129,"caption":"Blog GrupoTusMaquinas"},"image":{"@id":"https:\/\/blog.grupotusmaquinas.com\/#\/schema\/logo\/image\/"}},{"@type":"Person","@id":"https:\/\/blog.grupotusmaquinas.com\/#\/schema\/person\/36154d00ff10e1e820cc6e3764d8a345","name":"Javiera Carrasco","image":{"@type":"ImageObject","inLanguage":"es-CL","@id":"https:\/\/secure.gravatar.com\/avatar\/d1e6592d073215e6f46e17b273f873f227b3160d2b12d5c28e9ee1144dcbdac4?s=96&d=mm&r=g","url":"https:\/\/secure.gravatar.com\/avatar\/d1e6592d073215e6f46e17b273f873f227b3160d2b12d5c28e9ee1144dcbdac4?s=96&d=mm&r=g","contentUrl":"https:\/\/secure.gravatar.com\/avatar\/d1e6592d073215e6f46e17b273f873f227b3160d2b12d5c28e9ee1144dcbdac4?s=96&d=mm&r=g","caption":"Javiera Carrasco"},"url":"https:\/\/blog.grupotusmaquinas.com\/author\/javiera\/"}]}},"_links":{"self":[{"href":"https:\/\/blog.grupotusmaquinas.com\/wp-json\/wp\/v2\/pages\/5416","targetHints":{"allow":["GET"]}}],"collection":[{"href":"https:\/\/blog.grupotusmaquinas.com\/wp-json\/wp\/v2\/pages"}],"about":[{"href":"https:\/\/blog.grupotusmaquinas.com\/wp-json\/wp\/v2\/types\/page"}],"author":[{"embeddable":true,"href":"https:\/\/blog.grupotusmaquinas.com\/wp-json\/wp\/v2\/users\/7"}],"replies":[{"embeddable":true,"href":"https:\/\/blog.grupotusmaquinas.com\/wp-json\/wp\/v2\/comments?post=5416"}],"version-history":[{"count":13,"href":"https:\/\/blog.grupotusmaquinas.com\/wp-json\/wp\/v2\/pages\/5416\/revisions"}],"predecessor-version":[{"id":5486,"href":"https:\/\/blog.grupotusmaquinas.com\/wp-json\/wp\/v2\/pages\/5416\/revisions\/5486"}],"wp:featuredmedia":[{"embeddable":true,"href":"https:\/\/blog.grupotusmaquinas.com\/wp-json\/wp\/v2\/media\/5485"}],"wp:attachment":[{"href":"https:\/\/blog.grupotusmaquinas.com\/wp-json\/wp\/v2\/media?parent=5416"}],"curies":[{"name":"wp","href":"https:\/\/api.w.org\/{rel}","templated":true}]}}